{"id":2830,"date":"2025-07-10T04:48:08","date_gmt":"2025-07-10T04:48:08","guid":{"rendered":"https:\/\/www.staging.etnosfera.ro\/?page_id=2830"},"modified":"2025-09-11T09:54:47","modified_gmt":"2025-09-11T09:54:47","slug":"archive","status":"publish","type":"page","link":"https:\/\/www.etnosfera.ro\/ro\/archive\/","title":{"rendered":"Arhiv\u0103"},"content":{"rendered":"<div class=\"fusion-fullwidth fullwidth-box fusion-builder-row-1 fusion-flex-container has-pattern-background has-mask-background nonhundred-percent-fullwidth non-hundred-percent-height-scrolling\" style=\"--awb-border-radius-top-left:0px;--awb-border-radius-top-right:0px;--awb-border-radius-bottom-right:0px;--awb-border-radius-bottom-left:0px;--awb-flex-wrap:wrap;\" ><div class=\"fusion-builder-row fusion-row fusion-flex-align-items-flex-start fusion-flex-content-wrap\" style=\"max-width:1331.2px;margin-left: calc(-4% \/ 2 );margin-right: calc(-4% \/ 2 );\"><div class=\"fusion-layout-column fusion_builder_column fusion-builder-column-0 fusion_builder_column_2_3 2_3 fusion-flex-column\" style=\"--awb-bg-size:cover;--awb-width-large:66.666666666667%;--awb-margin-top-large:0px;--awb-spacing-right-large:2.88%;--awb-margin-bottom-large:20px;--awb-spacing-left-large:2.88%;--awb-width-medium:66.666666666667%;--awb-order-medium:0;--awb-spacing-right-medium:2.88%;--awb-spacing-left-medium:2.88%;--awb-width-small:100%;--awb-order-small:0;--awb-spacing-right-small:1.92%;--awb-spacing-left-small:1.92%;\"><div class=\"fusion-column-wrapper fusion-column-has-shadow fusion-flex-justify-content-flex-start fusion-content-layout-column\"><div class=\"fusion-title title fusion-title-1 fusion-sep-none fusion-title-text fusion-title-size-one\"><h1 class=\"fusion-title-heading title-heading-left\" style=\"margin:0;\">C\u0103utare avansat\u0103<\/h1><\/div>\n  <form id=\"advanced-search-form\" method=\"post\" action=\"\" data-trp-original-action=\"\">\n    <input type=\"hidden\" id=\"search_nonce\" name=\"search_nonce\" value=\"3a3e43c0fa\" \/><input type=\"hidden\" name=\"_wp_http_referer\" value=\"\/ro\/wp-json\/wp\/v2\/pages\/2830\" \/>    <input type=\"hidden\" name=\"search_submitted\" value=\"1\" \/>\n    \n    <input type=\"text\" name=\"s\" placeholder=\"Caut\u0103 \u00een titlu\" value=\"\" \/>\n    <input type=\"text\" name=\"meta_doi\" placeholder=\"DOI\" value=\"\" \/>\n    <input type=\"text\" name=\"meta_abstract\" placeholder=\"Caut\u0103 \u00een cuprins\" value=\"\" \/>\n\n    <!-- Domain (custom taxonomy) -->\n    <select name=\"domain\"><option value=\"\">Domeniu<\/option><option value=\"education\" >Education (1)<\/option><option value=\"ethnic-issues\" >ethnic issues (2)<\/option><option value=\"ethnography\" >Ethnography (3)<\/option><option value=\"history\" >history (6)<\/option><option value=\"philosophy\" >Philosophy (1)<\/option><option value=\"political-science\" >political science (1)<\/option><option value=\"sociology\" >Sociology (10)<\/option><\/select>\n    <!-- Categories with tree structure -->\n    <select name=\"cat\"><option value=\"\">Year \/ Volume<\/option><option value=\"9\" >2009 (5)<\/option><option value=\"10\" >2010 (4)<\/option><option value=\"11\" >2011 (4)<\/option><option value=\"12\" >2012 (5)<\/option><option value=\"13\" >2013 (4)<\/option><option value=\"14\" >2014 (4)<\/option><option value=\"15\" >2015 (2)<\/option><option value=\"16\" >2016 (2)<\/option><option value=\"17\" >2017 (2)<\/option><option value=\"18\" >2018 (30)<\/option><option value=\"260\" >&nbsp;&nbsp;&nbsp;\u2514\u2500 Vol 1 (10)<\/option><option value=\"269\" >&nbsp;&nbsp;&nbsp;\u2514\u2500 Vol 2 (18)<\/option><option value=\"19\" >2019 (16)<\/option><option value=\"342\" >&nbsp;&nbsp;&nbsp;\u2514\u2500 Vol 1 (8)<\/option><option value=\"352\" >&nbsp;&nbsp;&nbsp;\u2514\u2500 Vol 2 (6)<\/option><option value=\"74\" >2020 (17)<\/option><option value=\"398\" >&nbsp;&nbsp;&nbsp;\u2514\u2500 Vol 1 (7)<\/option><option value=\"399\" >&nbsp;&nbsp;&nbsp;\u2514\u2500 Vol 2 (8)<\/option><option value=\"77\" >2021 (17)<\/option><option value=\"456\" >&nbsp;&nbsp;&nbsp;\u2514\u2500 Vol 1 (8)<\/option><option value=\"457\" >&nbsp;&nbsp;&nbsp;\u2514\u2500 Vol 2 (7)<\/option><option value=\"100\" >2022 (16)<\/option><option value=\"511\" >&nbsp;&nbsp;&nbsp;\u2514\u2500 Vol 1 (15)<\/option><option value=\"512\" >&nbsp;&nbsp;&nbsp;\u2514\u2500 Vol 2 (15)<\/option><option value=\"103\" >2023 (18)<\/option><option value=\"562\" >&nbsp;&nbsp;&nbsp;\u2514\u2500 Vol 1 (6)<\/option><option value=\"586\" >&nbsp;&nbsp;&nbsp;\u2514\u2500 Vol 2 (10)<\/option><option value=\"105\" >2024 (28)<\/option><option value=\"215\" >&nbsp;&nbsp;&nbsp;\u2514\u2500 Vol 1 (14)<\/option><option value=\"611\" >&nbsp;&nbsp;&nbsp;\u2514\u2500 Vol 2 (12)<\/option><option value=\"696\" >2025 (21)<\/option><option value=\"697\" >&nbsp;&nbsp;&nbsp;\u2514\u2500 Vol 1 (11)<\/option><option value=\"698\" >&nbsp;&nbsp;&nbsp;\u2514\u2500 Vol 2 (10)<\/option><\/select>\n    <!-- Tags -->\n    <select name=\"tag\"><option value=\"\">Cuvinte cheie<\/option><option value=\"1924\" >1924 (1)<\/option><option value=\"1941\" >1941 (1)<\/option><option value=\"abandon\" >abandon (1)<\/option><option value=\"abandoned-community\" >abandoned community (1)<\/option><option value=\"ablution\" >ablution (1)<\/option><option value=\"administration\" >administration (1)<\/option><option value=\"aesthetic-community\" >aesthetic community (1)<\/option><option value=\"albania\" >Albania (2)<\/option><option value=\"alienation\" >alienation (1)<\/option><option value=\"anachronism\" >anachronism (1)<\/option><option value=\"ancestral-bound\" >ancestral bound (1)<\/option><option value=\"and-philosophy\" >and philosophy (1)<\/option><option value=\"anomy\" >anomy (2)<\/option><option value=\"anton-golopentia\" >Anton Golopen\u021bia (2)<\/option><option value=\"archetype\" >archetype (1)<\/option><option value=\"ardeal\" >Ardeal (1)<\/option><option value=\"aromanian\" >Aromanian (2)<\/option><option value=\"aromanians\" >Aromanians (6)<\/option><option value=\"assimilation\" >assimilation (4)<\/option><option value=\"autochthonism\" >autochthonism (1)<\/option><option value=\"autonomy\" >autonomy (3)<\/option><option value=\"balkan-romanians\" >Balkan Romanians (1)<\/option><option value=\"balkans\" >Balkans (7)<\/option><option value=\"bashkir\" >Bashkir (1)<\/option><option value=\"beliefs\" >beliefs (1)<\/option><option value=\"bessarabia\" >Bessarabia (2)<\/option><option value=\"birth-rate\" >birth rate (1)<\/option><option value=\"bitolia\" >Bitolia (1)<\/option><option value=\"boia\" >Boia (1)<\/option><option value=\"border\" >border (1)<\/option><option value=\"boscor-bozgor\" >Boscor\/Bozgor (1)<\/option><option value=\"brain-drain\" >brain drain (1)<\/option><option value=\"brancusi\" >Br\u00e2ncu\u0219i (1)<\/option><option value=\"brasov\" >Bra\u0219ov (2)<\/option><option value=\"bravery\" >bravery (1)<\/option><option value=\"brzezinski\" >Brzezinski (1)<\/option><option value=\"bucharest\" >Bucharest (1)<\/option><option value=\"bucharest-school-of-sociology\" >Bucharest School of Sociology (2)<\/option><option value=\"bucovina\" >Bucovina (1)<\/option><option value=\"budget\" >budget (1)<\/option><option value=\"bukovina-campulung-moldovenesc\" >Bukovina C\u00e2mpulung Moldovenesc (1)<\/option><option value=\"bulgaria\" >Bulgaria (1)<\/option><option value=\"bulgarian-exarchate\" >Bulgarian Exarchate (1)<\/option><option value=\"bulgarians\" >Bulgarians (1)<\/option><option value=\"byzantine-empire\" >Byzantine Empire (1)<\/option><option value=\"capitalism\" >capitalism (1)<\/option><option value=\"captain-ilie-birt\" >Captain Ilie Birt (1)<\/option><option value=\"carpathian-transhumance\" >Carpathian transhumance (1)<\/option><option value=\"catholic-church\" >Catholic Church (1)<\/option><option value=\"centenary\" >Centenary (3)<\/option><option value=\"charles-the-2-nd\" >Charles the 2 nd (1)<\/option><option value=\"christianity\" >Christianity (1)<\/option><option value=\"churches\" >Churches (1)<\/option><option value=\"circumstantial-hero\" >circumstantial hero (1)<\/option><option value=\"citadel\" >citadel (1)<\/option><option value=\"clarity\" >clarity (1)<\/option><option value=\"cohabitation\" >cohabitation (1)<\/option><option value=\"collective-subjectivity\" >collective subjectivity (1)<\/option><option value=\"collectivization\" >collectivization (1)<\/option><option value=\"communion\" >communion (1)<\/option><option value=\"communism\" >communism (1)<\/option><option value=\"communist-nomenclature\" >Communist nomenclature (2)<\/option><option value=\"communist-party-from-romania\" >Communist Party from Romania (1)<\/option><option value=\"communist-power\" >communist power (1)<\/option><option value=\"community\" >community (1)<\/option><option value=\"compensation-law\" >compensation law (1)<\/option><option value=\"concept\" >concept (1)<\/option><option value=\"condensed-monography\" >condensed monography (1)<\/option><option value=\"conflict\" >conflict (1)<\/option><option value=\"consensual-union\" >consensual union (1)<\/option><option value=\"conservative-doctrine\" >conservative doctrine (1)<\/option><option value=\"constantin-noica\" >Constantin Noica (1)<\/option><option value=\"consumerism\" >consumerism (1)<\/option><option value=\"content-analysis\" >content analysis (2)<\/option><option value=\"corporation\" >corporation (1)<\/option><option value=\"correspondence\" >correspondence (1)<\/option><option value=\"covasna\" >Covasna (4)<\/option><option value=\"covid-pandemic\" >Covid pandemic (1)<\/option><option value=\"crisis\" >crisis (4)<\/option><option value=\"cross\" >cross (2)<\/option><option value=\"cultural-studies\" >cultural studies (1)<\/option><option value=\"culture\" >culture (2)<\/option><option value=\"cybernetic-hierarchy\" >cybernetic hierarchy (1)<\/option><option value=\"cybernetics\" >cybernetics (3)<\/option><option value=\"david-prodan\" >David Prodan (1)<\/option><option value=\"dej\" >Dej (1)<\/option><option value=\"democracy\" >democracy (3)<\/option><option value=\"demographic-decline\" >demographic decline (1)<\/option><option value=\"demography\" >demography (3)<\/option><option value=\"denationalization\" >denationalization (1)<\/option><option value=\"depression\" >depression (1)<\/option><option value=\"destiny\" >destiny (1)<\/option><option value=\"development\" >development (2)<\/option><option value=\"dialog\" >dialog (1)<\/option><option value=\"dialogue\" >dialogue (1)<\/option><option value=\"diaspora\" >diaspora (4)<\/option><option value=\"dimitrie-gusti\" >Dimitrie Gusti (3)<\/option><option value=\"diplomacy\" >diplomacy (3)<\/option><option value=\"discipline\" >discipline (1)<\/option><option value=\"discrimination\" >discrimination (3)<\/option><option value=\"divorce\" >divorce (1)<\/option><option value=\"dossier\" >dossier (1)<\/option><option value=\"drewermann\" >Drewermann (1)<\/option><option value=\"e-learning\" >E-learning (1)<\/option><option value=\"echr\" >ECHR (1)<\/option><option value=\"economy\" >economy (1)<\/option><option value=\"education\" >education (2)<\/option><option value=\"educational-policies\" >educational policies (1)<\/option><option value=\"ego\" >ego (2)<\/option><option value=\"elie-carafoli\" >Elie Carafoli (1)<\/option><option value=\"elite\" >elite (1)<\/option><option value=\"ellul\" >Ellul (2)<\/option><option value=\"emancipation\" >emancipation (2)<\/option><option value=\"emanuil-gojdu\" >Emanuil Gojdu (1)<\/option><option value=\"emigration\" >emigration (2)<\/option><option value=\"emile-durkheim\" >\u00c9mile Durkheim (1)<\/option><option value=\"espionage\" >espionage (2)<\/option><option value=\"ethnic-assimilation\" >ethnic assimilation (2)<\/option><option value=\"ethnic-pressure\" >ethnic pressure (1)<\/option><option value=\"ethnicity\" >ethnicity (2)<\/option><option value=\"ethno-policy\" >ethno-policy (1)<\/option><option value=\"ethnogenesis\" >ethnogenesis (1)<\/option><option value=\"ethnonymy\" >Ethnonymy (1)<\/option><option value=\"etymology\" >etymology (1)<\/option><option value=\"europeanization\" >europeanization (1)<\/option><option value=\"evil\" >evil (1)<\/option><option value=\"evolution\" >evolution (1)<\/option><option value=\"evolutionary-fractures\" >evolutionary fractures (1)<\/option><option value=\"excessive-taxation\" >excessive taxation (1)<\/option><option value=\"faith\" >faith (1)<\/option><option value=\"family\" >family (4)<\/option><option value=\"family-sociology\" >family sociology (1)<\/option><option value=\"financial-aid\" >Financial Aid (1)<\/option><option value=\"first-world-war\" >First World War (1)<\/option><option value=\"fluid-society\" >fluid society (1)<\/option><option value=\"foundation\" >foundation (1)<\/option><option value=\"fracasomanie\" >fracasomanie (1)<\/option><option value=\"freedom\" >freedom (5)<\/option><option value=\"freemasonry\" >Freemasonry (1)<\/option><option value=\"frontier\" >frontier (1)<\/option><option value=\"functional-illiteracy\" >functional illiteracy (1)<\/option><option value=\"generation\" >generation (7)<\/option><option value=\"geo-history\" >geo-history (1)<\/option><option value=\"geopolitics\" >geopolitics (6)<\/option><option value=\"geopolitics-of-the-carpathian-basin\" >Geopolitics of the Carpathian Basin (1)<\/option><option value=\"geopolitics-of-the-spirit\" >geopolitics of the spirit (1)<\/option><option value=\"gheorghe-focsa\" >Gheorghe Foc\u0219a (1)<\/option><option value=\"globalist-agenda\" >globalist agenda (1)<\/option><option value=\"globalization\" >globalization (1)<\/option><option value=\"god\" >God (1)<\/option><option value=\"gojdu-foundation\" >Gojdu Foundation (1)<\/option><option value=\"great-romania\" >Great Romania (1)<\/option><option value=\"great-union\" >Great Union (1)<\/option><option value=\"greece\" >Greece (1)<\/option><option value=\"gypsies\" >Gypsies (3)<\/option><option value=\"habsburg-empire\" >Habsburg Empire (1)<\/option><option value=\"harghita\" >Harghita (2)<\/option><option value=\"hegel\" >Hegel (1)<\/option><option value=\"henri-stahl\" >Henri Stahl (1)<\/option><option value=\"heritage\" >heritage (1)<\/option><option value=\"hero-in-continuous-form\" >hero in continuous form (1)<\/option><option value=\"herstory\" >herstory (1)<\/option><option value=\"hierarch-yosif-yovchev\" >Hierarch Yosif Yovchev (1)<\/option><option value=\"historical-communities\" >historical communities (1)<\/option><option value=\"history\" >history (1)<\/option><option value=\"holiday\" >holiday (3)<\/option><option value=\"holiday-ethics\" >holiday ethics (1)<\/option><option value=\"horthy\" >Horthy (1)<\/option><option value=\"human-rights\" >Human Rights (1)<\/option><option value=\"hungarian-minority-in-romania\" >Hungarian minority in Romania (1)<\/option><option value=\"hungarian-propaganda\" >Hungarian propaganda (1)<\/option><option value=\"hungarian-bashkir-issue\" >Hungarian-Bashkir issue (1)<\/option><option value=\"hungarianization\" >Hungarianization (1)<\/option><option value=\"hungarians\" >Hungarians (4)<\/option><option value=\"hungary\" >Hungary (4)<\/option><option value=\"icons\" >icons (1)<\/option><option value=\"identities\" >identities (1)<\/option><option value=\"identity\" >identity (4)<\/option><option value=\"identity-crisis\" >identity crisis (1)<\/option><option value=\"identity-rent\" >identity rent (1)<\/option><option value=\"ideology\" >ideology (1)<\/option><option value=\"idolatry\" >idolatry (1)<\/option><option value=\"ignorance\" >ignorance (1)<\/option><option value=\"illuminism\" >Illuminism (1)<\/option><option value=\"imbalance\" >imbalance (2)<\/option><option value=\"immigrants\" >immigrants (1)<\/option><option value=\"individualism\" >individualism (1)<\/option><option value=\"institution-man\" >institution-man (1)<\/option><option value=\"interethnic-relations\" >interethnic relations (1)<\/option><option value=\"interpretative-methodology\" >interpretative methodology (1)<\/option><option value=\"interwar-period\" >interwar period (2)<\/option><option value=\"ion-conea\" >Ion Conea (1)<\/option><option value=\"italy\" >Italy (2)<\/option><option value=\"justice\" >justice (1)<\/option><option value=\"knowledge\" >knowledge (2)<\/option><option value=\"labor-force\" >labor force (1)<\/option><option value=\"labor-market\" >labor market (1)<\/option><option value=\"labour-market\" >labour market (1)<\/option><option value=\"latent-potential\" >latent potential (1)<\/option><option value=\"lecture\" >lecture (1)<\/option><option value=\"legal-work\" >legal work (1)<\/option><option value=\"life-in-communism\" >life in communism (2)<\/option><option value=\"light\" >light (1)<\/option><option value=\"liquid-society\" >liquid society (1)<\/option><option value=\"little-entente\" >Little Entente (1)<\/option><option value=\"local-minorities\" >local minorities (1)<\/option><option value=\"london-conference\" >London Conference (1)<\/option><option value=\"loneliness\" >loneliness (1)<\/option><option value=\"lonely-society\" >lonely society (1)<\/option><option value=\"love\" >love (1)<\/option><option value=\"macedonia\" >Macedonia (2)<\/option><option value=\"magical-practices\" >magical practices (1)<\/option><option value=\"man\" >man (1)<\/option><option value=\"man-institution\" >man-institution (1)<\/option><option value=\"management\" >management (2)<\/option><option value=\"maramures\" >Maramure\u0219 (3)<\/option><option value=\"marasesti\" >M\u0103r\u0103\u015fe\u015fti (1)<\/option><option value=\"marasti\" >M\u0103r\u0103\u0219ti (1)<\/option><option value=\"marriage\" >marriage (2)<\/option><option value=\"marxism\" >Marxism (1)<\/option><option value=\"mass-media\" >mass-media (1)<\/option><option value=\"max-weber\" >Max Weber (1)<\/option><option value=\"media\" >media (2)<\/option><option value=\"middle-ages\" >Middle Ages (1)<\/option><option value=\"migration\" >migration (3)<\/option><option value=\"mihai-eminescu\" >Mihai Eminescu (1)<\/option><option value=\"military-education\" >military education (1)<\/option><option value=\"military-high-school\" >military high school (1)<\/option><option value=\"millennial\" >millennial (2)<\/option><option value=\"mind\" >mind (1)<\/option><option value=\"minority-romanians-in-romania\" >minority Romanians in Romania (1)<\/option><option value=\"mircea-eliade\" >Mircea Eliade (1)<\/option><option value=\"mircea-vulcanescu\" >Mircea Vulc\u0103nescu (1)<\/option><option value=\"mission\" >mission (1)<\/option><option value=\"mitteleurope\" >Mitteleurope (1)<\/option><option value=\"model-village\" >model village (1)<\/option><option value=\"modern-world-system\" >Modern world system (1)<\/option><option value=\"modernity\" >modernity (3)<\/option><option value=\"modernization\" >modernization (1)<\/option><option value=\"monastir\" >Monastir (1)<\/option><option value=\"monograph\" >monograph (1)<\/option><option value=\"monographic-method\" >monographic method (1)<\/option><option value=\"monographic-sketch\" >monographic sketch (1)<\/option><option value=\"moral-economy\" >moral economy (1)<\/option><option value=\"morality\" >morality (3)<\/option><option value=\"mortality\" >mortality (1)<\/option><option value=\"multi-ethnic-communities\" >multi-ethnic communities (1)<\/option><option value=\"munchen\" >Munchen (1)<\/option><option value=\"music\" >music (1)<\/option><option value=\"myths\" >myths (1)<\/option><option value=\"nae-ionescu\" >Nae Ionescu (1)<\/option><option value=\"nation\" >nation (6)<\/option><option value=\"nation-state\" >nation-state (1)<\/option><option value=\"national-defense-strategy\" >National Defense Strategy (1)<\/option><option value=\"national-dignity\" >national dignity (1)<\/option><option value=\"national-minorities\" >national minorities (1)<\/option><option value=\"national-minorities-rights\" >national minorities rights (1)<\/option><option value=\"national-security\" >national security (1)<\/option><option value=\"national-unity\" >national unity (1)<\/option><option value=\"nationalism\" >nationalism (2)<\/option><option value=\"negative-selection\" >negative selection (1)<\/option><option value=\"neoliberalism\" >neoliberalism (1)<\/option><option value=\"ngos\" >NGO\u2019s (1)<\/option><option value=\"nicolae-colan\" >Nicolae Colan (1)<\/option><option value=\"nicolae-timiras\" >Nicolae \u021aimira\u0219 (1)<\/option><option value=\"noology\" >noology (1)<\/option><option value=\"objectivity\" >objectivity (1)<\/option><option value=\"oituz\" >Oituz (1)<\/option><option value=\"old-europe-civilization\" >Old Europe civilization (1)<\/option><option value=\"oltenia\" >Oltenia (1)<\/option><option value=\"optants\" >optants (1)<\/option><option value=\"orthodoxy\" >Orthodoxy (1)<\/option><option value=\"ottoman-empire\" >Ottoman Empire (2)<\/option><option value=\"overman-ubermensch\" >overman\/\u00dcbermensch (1)<\/option><option value=\"paradigm\" >paradigm (1)<\/option><option value=\"paralysis\" >paralysis (1)<\/option><option value=\"paris-peace-conference-1919\" >Paris Peace Conference 1919 (1)<\/option><option value=\"parsons\" >Parsons (1)<\/option><option value=\"pastoral-mission\" >pastoral mission (1)<\/option><option value=\"pastoral-traditions\" >pastoral traditions (1)<\/option><option value=\"patriarchy\" >patriarchy (1)<\/option><option value=\"patriotism\" >patriotism (1)<\/option><option value=\"peasant\" >peasant (2)<\/option><option value=\"peasant-civilisation\" >peasant civilisation (1)<\/option><option value=\"peasant-civilization-and-spirituality\" >peasant civilization and spirituality (1)<\/option><option value=\"peasant-family\" >peasant family (1)<\/option><option value=\"performative-art\" >performative art (1)<\/option><option value=\"phenomenology\" >phenomenology (1)<\/option><option value=\"philanthropy\" >philanthropy (1)<\/option><option value=\"philosophy-of-history\" >philosophy of history (1)<\/option><option value=\"piety\" >piety (1)<\/option><option value=\"plaiesii-de-jos\" >Pl\u0103ie\u0219ii de Jos (2)<\/option><option value=\"political-dynamism\" >political dynamism (1)<\/option><option value=\"political-philosophy\" >political philosophy (1)<\/option><option value=\"politics\" >politics (1)<\/option><option value=\"postmodernity\" >postmodernity (1)<\/option><option value=\"privatization\" >privatization (1)<\/option><option value=\"progress\" >progress (3)<\/option><option value=\"propaganda\" >propaganda (2)<\/option><option value=\"public-opinion\" >public opinion (1)<\/option><option value=\"rational-authority\" >rational authority (1)<\/option><option value=\"referendum\" >referendum (1)<\/option><option value=\"regime-change\" >regime change (1)<\/option><option value=\"religion\" >religion (1)<\/option><option value=\"research\" >research (1)<\/option><option value=\"restoration\" >restoration (1)<\/option><option value=\"revolution\" >revolution (2)<\/option><option value=\"rights\" >rights (1)<\/option><option value=\"ritual\" >ritual (2)<\/option><option value=\"roma\" >Roma (1)<\/option><option value=\"romania\" >Romania (7)<\/option><option value=\"romanian-academy\" >Romanian Academy (1)<\/option><option value=\"romanian-army\" >Romanian Army (1)<\/option><option value=\"romanian-communist-party\" >Romanian Communist Party (1)<\/option><option value=\"romanian-diaspora\" >Romanian diaspora (1)<\/option><option value=\"romanian-ethnic-space\" >Romanian Ethnic Space (1)<\/option><option value=\"romanian-historiography\" >Romanian historiography (1)<\/option><option value=\"romanian-identity\" >Romanian identity (1)<\/option><option value=\"romanian-kingdom\" >Romanian Kingdom (1)<\/option><option value=\"romanian-language\" >Romanian language (1)<\/option><option value=\"romanian-minority-in-hungary\" >Romanian minority in Hungary (1)<\/option><option value=\"romanian-national-identity\" >Romanian national identity (1)<\/option><option value=\"romanian-personalities\" >Romanian personalities (1)<\/option><option value=\"romanian-phenomenon\" >Romanian phenomenon (2)<\/option><option value=\"romanian-sociology\" >Romanian sociology (4)<\/option><option value=\"romanian-utterance\" >Romanian utterance (1)<\/option><option value=\"romanian-village\" >Romanian village (2)<\/option><option value=\"romanian-hungarian-relations\" >Romanian-Hungarian relations (1)<\/option><option value=\"romanians\" >Romanians (7)<\/option><option value=\"romanians-in-soviet-union\" >Romanians in Soviet Union (1)<\/option><option value=\"romanians-of-the-timok-valley\" >Romanians of the Timok Valley (1)<\/option><option value=\"roumania\" >Roumania (1)<\/option><option value=\"rudari\" >Rudari (1)<\/option><option value=\"rural-sociology\" >rural sociology (1)<\/option><option value=\"russia\" >Russia (1)<\/option><option value=\"sadu\" >Sadu (1)<\/option><option value=\"sbornic\" >Sbornic (1)<\/option><option value=\"school-statistics\" >school statistics (1)<\/option><option value=\"schools\" >Schools (3)<\/option><option value=\"science\" >science (1)<\/option><option value=\"secret-societies\" >secret societies (1)<\/option><option value=\"security\" >Security (4)<\/option><option value=\"serbia\" >Serbia (1)<\/option><option value=\"sergiu-celibidache\" >Sergiu Celibidache (1)<\/option><option value=\"sheep\" >sheep (1)<\/option><option value=\"shepherding\" >shepherding (1)<\/option><option value=\"shepherds\" >shepherds (1)<\/option><option value=\"sin\" >sin (1)<\/option><option value=\"slavery\" >slavery (3)<\/option><option value=\"slavery-in-wallachia-and-moldova\" >slavery in Wallachia and Moldova (1)<\/option><option value=\"snowflake\" >snowflake (2)<\/option><option value=\"snowflake-generation\" >snowflake generation (4)<\/option><option value=\"snowflake-millennial\" >snowflake millennial (2)<\/option><option value=\"social-capital\" >social capital (1)<\/option><option value=\"social-development\" >social development (1)<\/option><option value=\"social-history\" >social history (2)<\/option><option value=\"social-influence\" >social influence (1)<\/option><option value=\"social-intelligence\" >social intelligence (1)<\/option><option value=\"social-memory\" >social memory (1)<\/option><option value=\"social-problems\" >social problems (1)<\/option><option value=\"social-relations\" >social relations (1)<\/option><option value=\"social-role\" >social role (1)<\/option><option value=\"social-service\" >Social Service (1)<\/option><option value=\"social-service-law\" >Social Service Law (2)<\/option><option value=\"social-vitality\" >social vitality (1)<\/option><option value=\"social-will\" >social will (1)<\/option><option value=\"socialism\" >socialism (1)<\/option><option value=\"sociality\" >sociality (1)<\/option><option value=\"societal-security\" >societal security (1)<\/option><option value=\"society\" >society (5)<\/option><option value=\"sociologic-parallelism\" >sociologic parallelism (1)<\/option><option value=\"sociological-parallelism\" >sociological parallelism (2)<\/option><option value=\"sociological-school-of-bucharest\" >Sociological School of Bucharest (1)<\/option><option value=\"sociology\" >sociology (1)<\/option><option value=\"sociology-of-holiday\" >sociology of holiday (1)<\/option><option value=\"solidarity\" >solidarity (2)<\/option><option value=\"soul\" >soul (1)<\/option><option value=\"soul-communication\" >soul communication (1)<\/option><option value=\"soul-density\" >soul density (1)<\/option><option value=\"soul-unity\" >soul unity (3)<\/option><option value=\"sovereignty\" >sovereignty (3)<\/option><option value=\"soviet-repression\" >Soviet repression (1)<\/option><option value=\"soviet-union\" >Soviet Union (1)<\/option><option value=\"space-problem-dossier\" >space\/problem dossier (1)<\/option><option value=\"spain\" >Spain (1)<\/option><option value=\"specialization\" >specialization (2)<\/option><option value=\"spiral-of-silence\" >spiral of silence (1)<\/option><option value=\"spirituality\" >spirituality (1)<\/option><option value=\"state\" >state (4)<\/option><option value=\"stephen-the-great\" >Stephen the Great (1)<\/option><option value=\"stigma\" >stigma (1)<\/option><option value=\"stigmatization\" >stigmatization (1)<\/option><option value=\"strategic-perspective\" >strategic perspective (1)<\/option><option value=\"strategy\" >strategy (1)<\/option><option value=\"structures-of-evil\" >structures of evil (1)<\/option><option value=\"students\" >students (1)<\/option><option value=\"superimposed-elite\" >superimposed elite (1)<\/option><option value=\"superimposed-elites\" >superimposed elites (1)<\/option><option value=\"synchronism\" >synchronism (1)<\/option><option value=\"system\" >System (1)<\/option><option value=\"szeklers\" >Szeklers (2)<\/option><option value=\"technical-society\" >technical society (1)<\/option><option value=\"technique\" >technique (1)<\/option><option value=\"technocracy\" >technocracy (3)<\/option><option value=\"technology\" >technology (1)<\/option><option value=\"terrorism\" >terrorism (1)<\/option><option value=\"the-cunning-of-evil\" >the cunning of evil (1)<\/option><option value=\"the-decline-of-holidays\" >the decline of holidays (1)<\/option><option value=\"the-ethics-of-holidays\" >the ethics of holidays (1)<\/option><option value=\"the-meaning-of-life\" >the meaning of life (1)<\/option><option value=\"the-stahl-family\" >the Stahl family (1)<\/option><option value=\"totalitarianism\" >totalitarianism (4)<\/option><option value=\"tradition\" >tradition (1)<\/option><option value=\"traditional-authority\" >traditional authority (1)<\/option><option value=\"training\" >training (1)<\/option><option value=\"transhumance\" >transhumance (1)<\/option><option value=\"transition\" >Transition (3)<\/option><option value=\"transnistria\" >Transnistria (2)<\/option><option value=\"transumanism\" >transumanism (1)<\/option><option value=\"transylvania\" >Transylvania (13)<\/option><option value=\"trianon\" >Trianon (4)<\/option><option value=\"trotsky\" >Trotsky (1)<\/option><option value=\"tyranny\" >tyranny (5)<\/option><option value=\"ubermensch\" >\u00dcbermensch (1)<\/option><option value=\"ukraine\" >Ukraine (1)<\/option><option value=\"ungureanu\" >Ungureanu (1)<\/option><option value=\"unity\" >unity (1)<\/option><option value=\"utility\" >utility (1)<\/option><option value=\"utopia\" >utopia (2)<\/option><option value=\"value\" >value (1)<\/option><option value=\"vasile-bancila\" >Vasile B\u0103ncil\u0103 (3)<\/option><option value=\"vasile-stoica\" >Vasile Stoica (1)<\/option><option value=\"village\" >village (1)<\/option><option value=\"village-cultural-centres\" >village cultural centres (1)<\/option><option value=\"vitality\" >vitality (1)<\/option><option value=\"voinesti\" >Voine\u0219ti (1)<\/option><option value=\"will\" >will (1)<\/option><option value=\"wilson-doctrine\" >Wilson Doctrine (1)<\/option><option value=\"women\" >women (1)<\/option><option value=\"world-war-i\" >World War I (2)<\/option><option value=\"xenia-costa-foru\" >Xenia Costa-Foru (1)<\/option><option value=\"young-turks\" >Young Turks (1)<\/option><option value=\"youth\" >youth (1)<\/option><option value=\"zaharia-manu\" >Zaharia Manu (1)<\/option><\/select>\n    <!-- Language (Polylang) -->\n    \n    <!-- Sort order -->\n    <select name=\"orderby\">\n      <option value=\"desc\" >Cele mai noi<\/option>\n      <option value=\"asc\" >Cele mai vechi<\/option>\n      <option value=\"title_asc\" >Titlu A-Z<\/option>\n      <option value=\"title_desc\" >Titlu Z-A<\/option>\n    <\/select>\n\n    <!-- Authors (PublishPress Authors) -->\n    <select name=\"author_pp\"><option value=\"\">Autor<\/option><option value=\"alexandrina-zuza\" >Alexandrina Zuza (1)<\/option><option value=\"alexandru-lazar\" >Alexandru Laz\u0103r (1)<\/option><option value=\"alin-bulumac\" >Alin Bulumac (21)<\/option><option value=\"anand-sergiu-donca\" >Anand-Sergiu Donca (3)<\/option><option value=\"anania-andreea-iordache\" >Anania-Andreea Iordache (1)<\/option><option value=\"andreea-dancila-ineoan\" >Andreea D\u0103ncil\u0103 Ineoan (1)<\/option><option value=\"augustin-poenaru\" >Augustin Poenaru (7)<\/option><option value=\"cespe2020\" >Cespe Romania (45)<\/option><option value=\"corina-pantelimon\" >Corina Pantelimon (4)<\/option><option value=\"cristian-chesaru\" >Cristian Chesaru (1)<\/option><option value=\"dragos-dan-burghelia\" >Drago\u0219-Dan Burghelia (5)<\/option><option value=\"emanuil-ineoan\" >Emanuil Ineoan (12)<\/option><option value=\"filip-lucian-iorga\" >Filip-Lucian Iorga (1)<\/option><option value=\"florentina-teaca\" >Florentina Teac\u0103 (4)<\/option><option value=\"george-damian-mocanu\" >George Damian Mocanu (12)<\/option><option value=\"harald-haarmann\" >Harald Haarmann (1)<\/option><option value=\"ioana-andon\" >Ioana Andon (2)<\/option><option value=\"ioana-dragoi\" >Ioana Dr\u0103goi (8)<\/option><option value=\"iulia-badilas\" >Iulia B\u0103dila\u0219 (1)<\/option><option value=\"marius-florin-musat\" >Marius Florin Mu\u0219at (2)<\/option><option value=\"m-ungheanu\" >Mihail Ungheanu (14)<\/option><option value=\"narcis-rupe\" >Narcis Rupe (20)<\/option><option value=\"ovidiana-bulumac\" >Ovidiana Bulumac (9)<\/option><option value=\"ovidiu-solomon\" >Ovidiu Solomon (3)<\/option><option value=\"paul-iacob\" >Paul Iacob (1)<\/option><option value=\"radu-baltasiu\" >Radu Baltasiu (19)<\/option><option value=\"roxana-alexe\" >Roxana Alexe (1)<\/option><option value=\"ruxandra-paduraru\" >Ruxandra P\u0103duraru (1)<\/option><option value=\"samira-cirlig\" >Samira C\u00eerlig (32)<\/option><option value=\"teodora-baltasiu\" >Teodora Baltasiu (1)<\/option><option value=\"vlad-cubreacov\" >Vlad Cubreacov (2)<\/option><option value=\"vlad-ovidiu-cioaca\" >Vlad Ovidiu Cioac\u0103 (2)<\/option><\/select>\n    <!-- Hidden field to maintain current page on search -->\n    <input type=\"hidden\" name=\"search_page\" value=\"1\" id=\"search-page-field\" \/>\n\n    <button type=\"submit\">Caut\u0103<\/button>\n  <input type=\"hidden\" name=\"trp-form-language\" value=\"ro\"\/><\/form>\n\n  <div id=\"search-results\">\n    <h3>Articole recente:<\/h3><ul class=\"advanced-search-list recent-posts\"><li><a href=\"https:\/\/www.etnosfera.ro\/ro\/parmar-inderjeet-foundations-of-the-american-century-the-ford-carnegie-and-rockefeller-foundations-new-york-columbia-university-press-2012\/\">Parmar Inderjeet \u2013 foundations of the American century. The Ford, Carnegie, and Rockefeller foundations, New York, Columbia University Press, 2012<\/a><\/li><li><a href=\"https:\/\/www.etnosfera.ro\/ro\/ioan-lacatusu-romanians-in-the-hungarian-media-in-harghita-and-covasna-sfantu-gheorghe-eurocarpatica-publishing-house-2006\/\">Ioan L\u0103c\u0103tu\u0219u \u2013 Romanians in the Hungarian media in Harghita and Covasna, Sf\u00e2ntu-Gheorghe, Eurocarpatica Publishing House, 2006<\/a><\/li><li><a href=\"https:\/\/www.etnosfera.ro\/ro\/society-and-the-organizational-religion\/\">Society and the organizational religion<\/a><\/li><li><a href=\"https:\/\/www.etnosfera.ro\/ro\/the-decline-of-the-holiday-according-to-vasile-bancila\/\">The decline of the holiday according to Vasile B\u0103ncil\u0103<\/a><\/li><li><a href=\"https:\/\/www.etnosfera.ro\/ro\/postmodernity-and-the-identity-crises\/\">Postmodernity and the identity crises<\/a><\/li><\/ul>  <\/div>\n\n  <\/div><\/div><div class=\"fusion-layout-column fusion_builder_column fusion-builder-column-1 fusion_builder_column_1_3 1_3 fusion-flex-column\" style=\"--awb-bg-size:cover;--awb-width-large:33.333333333333%;--awb-margin-top-large:0px;--awb-spacing-right-large:5.76%;--awb-margin-bottom-large:20px;--awb-spacing-left-large:5.76%;--awb-width-medium:33.333333333333%;--awb-order-medium:0;--awb-spacing-right-medium:5.76%;--awb-spacing-left-medium:5.76%;--awb-width-small:100%;--awb-order-small:0;--awb-spacing-right-small:1.92%;--awb-spacing-left-small:1.92%;\"><div class=\"fusion-column-wrapper fusion-column-has-shadow fusion-flex-justify-content-flex-start fusion-content-layout-column\"><div class=\"fusion-title title fusion-title-2 fusion-sep-none fusion-title-text fusion-title-size-one\"><h1 class=\"fusion-title-heading title-heading-left\" style=\"margin:0;\">Arhiv\u0103<\/h1><\/div><ul class=\"tree-categories\"><li class=\"tree-cat\"><span class=\"tree-toggle\">+<\/span> <span class=\"tree-title\">Etnosfera 2025<\/span><ul class=\"tree-subcats\" style=\"display:none;\"><li class=\"tree-subcat\"><span class=\"tree-toggle\">+<\/span> <span class=\"tree-title\">Vol 2<\/span><ul class=\"tree-posts\" style=\"display:none;\"><li class=\"tree-post\">\u27a4 <a href=\"https:\/\/www.etnosfera.ro\/ro\/parmar-inderjeet-foundations-of-the-american-century-the-ford-carnegie-and-rockefeller-foundations-new-york-columbia-university-press-2012\/\">Parmar Inderjeet \u2013 foundations of the American century. The Ford, Carnegie, and Rockefeller foundations, New York, Columbia University Press, 2012<\/a><\/li><li class=\"tree-post\">\u27a4 <a href=\"https:\/\/www.etnosfera.ro\/ro\/ioan-lacatusu-romanians-in-the-hungarian-media-in-harghita-and-covasna-sfantu-gheorghe-eurocarpatica-publishing-house-2006\/\">Ioan L\u0103c\u0103tu\u0219u \u2013 Romanians in the Hungarian media in Harghita and Covasna, Sf\u00e2ntu-Gheorghe, Eurocarpatica Publishing House, 2006<\/a><\/li><li class=\"tree-post\">\u27a4 <a href=\"https:\/\/www.etnosfera.ro\/ro\/society-and-the-organizational-religion\/\">Society and the organizational religion<\/a><\/li><li class=\"tree-post\">\u27a4 <a href=\"https:\/\/www.etnosfera.ro\/ro\/the-decline-of-the-holiday-according-to-vasile-bancila\/\">The decline of the holiday according to Vasile B\u0103ncil\u0103<\/a><\/li><li class=\"tree-post\">\u27a4 <a href=\"https:\/\/www.etnosfera.ro\/ro\/postmodernity-and-the-identity-crises\/\">Postmodernity and the identity crises<\/a><\/li><li class=\"tree-post\">\u27a4 <a href=\"https:\/\/www.etnosfera.ro\/ro\/development-doctrines-of-romania-is-the-synchronist-thesis-a-development-doctrine-a-very-short-comparative-analysis\/\">Development doctrines of Romania. Is the synchronist thesis a development doctrine? A very short comparative analysis<\/a><\/li><li class=\"tree-post\">\u27a4 <a href=\"https:\/\/www.etnosfera.ro\/ro\/an-unknown-monographic-sketch-by-writer-h-stahl-covasna-1924\/\">An unknown monographic sketch by writer H. Stahl: Covasna, 1924<\/a><\/li><li class=\"tree-post\">\u27a4 <a href=\"https:\/\/www.etnosfera.ro\/ro\/romanians-or-bulgarians-on-the-ethnic-origin-of-orthodox-christians-in-medieval-brasov\/\">Romanians or Bulgarians? On the ethnic origin of orthodox christians in medieval Bra\u0219ov<\/a><\/li><li class=\"tree-post\">\u27a4 <a href=\"https:\/\/www.etnosfera.ro\/ro\/the-romanian-school-network-south-of-the-danube-at-the-turn-of-the-19th-and-20th-centuries-some-administrative-and-organizational-aspects\/\">The Romanian school network south of the Danube at the turn of the 19th and 20th centuries. Some administrative and organizational aspects<\/a><\/li><li class=\"tree-post\">\u27a4 <a href=\"https:\/\/www.etnosfera.ro\/ro\/the-return-of-the-diaspora-critical-reaction-on-the-periphery-of-the-modern-world-system\/\">The return of the diaspora \u2013 critical reaction on the periphery of the modern world system<\/a><\/li><\/ul><\/li><li class=\"tree-subcat\"><span class=\"tree-toggle\">+<\/span> <span class=\"tree-title\">Vol 1<\/span><ul class=\"tree-posts\" style=\"display:none;\"><li class=\"tree-post\">\u27a4 <a href=\"https:\/\/www.etnosfera.ro\/ro\/jacques-ellul-propagandele-propagandes-arad-sens-publishing-house-2024-transl-octavian-soviany\/\">Jacques Ellul, Propagandele [Propagandes], Arad, Sens Publishing House, 2024, transl. Octavian Soviany<\/a><\/li><li class=\"tree-post\">\u27a4 <a href=\"https:\/\/www.etnosfera.ro\/ro\/a-glimpse-into-the-past-of-a-gypsy-community-the-rudari-of-south-east-europe\/\">A glimpse into the past of a Gypsy community: the Rudari of South-East Europe<\/a><\/li><li class=\"tree-post\">\u27a4 <a href=\"https:\/\/www.etnosfera.ro\/ro\/underdeveloped-sociological-concepts-vasile-bancilas-thinking-about-celebration\/\">Underdeveloped sociological concepts Vasile B\u0103ncil\u0103\u2019s thinking about celebration<\/a><\/li><li class=\"tree-post\">\u27a4 <a href=\"https:\/\/www.etnosfera.ro\/ro\/mihai-eminescu-institution-man-precursor-of-the-bucharest-sociological-school\/\">Mihai Eminescu. Institution-man. Precursor of the Bucharest Sociological School<\/a><\/li><li class=\"tree-post\">\u27a4 <a href=\"https:\/\/www.etnosfera.ro\/ro\/brief-considerations-on-hero-typology-and-a-portrait-gavrila-iuga-hero-of-great-romania-and-institution-man-of-maramures\/\">Brief considerations on hero typology and a portrait: G\u0103vril\u0103 Iuga, hero of Great Romania and institution-man of Maramure\u0219<\/a><\/li><li class=\"tree-post\">\u27a4 <a href=\"https:\/\/www.etnosfera.ro\/ro\/the-spiritual-source-and-nature-of-the-authority\/\">The spiritual source and nature of the authority<\/a><\/li><li class=\"tree-post\">\u27a4 <a href=\"https:\/\/www.etnosfera.ro\/ro\/old-beliefs-of-the-shepherds-from-covasna\/\">Old beliefs of the shepherds from Covasna<\/a><\/li><li class=\"tree-post\">\u27a4 <a href=\"https:\/\/www.etnosfera.ro\/ro\/ethnic-structure-of-pre-university-education-in-covasna-county\/\">Ethnic structure of pre-university education in Covasna county<\/a><\/li><li class=\"tree-post\">\u27a4 <a href=\"https:\/\/www.etnosfera.ro\/ro\/the-migration-phenomenon-observed-through-the-lens-of-excessive-taxation-of-labor\/\">The migration phenomenon observed through the lens of excessive taxation of labor<\/a><\/li><li class=\"tree-post\">\u27a4 <a href=\"https:\/\/www.etnosfera.ro\/ro\/aspects-concerning-the-romanian-schools-in-the-balkans-after-world-war-i\/\">Aspects concerning the Romanian schools in the Balkans after World War I<\/a><\/li><li class=\"tree-post\">\u27a4 <a href=\"https:\/\/www.etnosfera.ro\/ro\/the-sociological-political-space-case-file-scientific-instrument-and-institution-for-the-relationship-between-the-romanian-state-and-romanians-abroad\/\">The sociological political-space case-file \u2013 scientific instrument and institution for the relationship between the Romanian state and Romanians abroad<\/a><\/li><\/ul><\/li><\/ul><\/li><li class=\"tree-cat\"><span class=\"tree-toggle\">+<\/span> <span class=\"tree-title\">Etnosfera 2024<\/span><ul class=\"tree-subcats\" style=\"display:none;\"><li class=\"tree-subcat\"><span class=\"tree-toggle\">+<\/span> <span class=\"tree-title\">Vol 2<\/span><ul class=\"tree-posts\" style=\"display:none;\"><li class=\"tree-post\">\u27a4 <a href=\"https:\/\/www.etnosfera.ro\/ro\/targu-mures-1990-bloody-dawn-the-1989-1990-inter-ethnic-conflicts-in-the-ncssa-files-tudor-pacuraru-and-florian-bichir-bucharest-evenimentul-and-capital-publishing-house\/\">\u201eT\u00e2rgu Mure\u0219 1990: Zori \u00eens\u00e2ngerate. Conflictele interetnice din 1989\u20131990 \u00een dosarele CNSAS\u201d. Tudor P\u0103curaru, Florian Bichir, Editura Evenimentul \u0219i Capital, Bucure\u0219ti, 2021<\/a><\/li><li class=\"tree-post\">\u27a4 <a href=\"https:\/\/www.etnosfera.ro\/ro\/testimony-to-the-enduring-carpathian-shepherding-tradition-and-continuity\/\">M\u0103rturii spre d\u0103inuire: p\u0103storitul carpatic, tradi\u021bie \u0219i continuitate<\/a><\/li><li class=\"tree-post\">\u27a4 <a href=\"https:\/\/www.etnosfera.ro\/ro\/romanian-role-models-for-todays-young-adults\/\">Modele rom\u00e2ne\u0219ti de urmat pentru tinerii adul\u021bi de ast\u0103zi<\/a><\/li><li class=\"tree-post\">\u27a4 <a href=\"https:\/\/www.etnosfera.ro\/ro\/romanian-diaspora-or-the-exile-of-transition-without-finality-case-study-the-romanian-community-in-spain\/\">Diaspora rom\u00e2neasc\u0103 sau exilul tranzi\u021biei f\u0103r\u0103 finalitate. Studiu de caz: comunitatea rom\u00e2neasc\u0103 din Spania<\/a><\/li><li class=\"tree-post\">\u27a4 <a href=\"https:\/\/www.etnosfera.ro\/ro\/the-importance-of-the-ilie-ilascu-case-from-a-historical-and-legal-perspective\/\">Importan\u021ba cazului Ilie Ila\u0219cu din perspectiva istoric\u0103 \u0219i juridic\u0103<\/a><\/li><li class=\"tree-post\">\u27a4 <a href=\"https:\/\/www.etnosfera.ro\/ro\/revisiting-a-problematic-file-for-the-romanian-diplomacy-the-gojdu-legacy\/\">Revizitarea unui dosar problematic pentru diploma\u021bia rom\u00e2n\u0103: mo\u0219tenirea Gojdu<\/a><\/li><li class=\"tree-post\">\u27a4 <a href=\"https:\/\/www.etnosfera.ro\/ro\/a-false-referendum-for-gaining-an-anachronistic-already-existing-autonomy\/\">Un fals \u201ereferendum\u201d pentru impunerea unei autonomii anacronice deja existente<\/a><\/li><li class=\"tree-post\">\u27a4 <a href=\"https:\/\/www.etnosfera.ro\/ro\/the-ethnonym-boscor-bozgor-considerations-regarding-the-origin-of-the-term\/\">Etnonimul \u201eBoscor\/Bozgor\u201d. Considera\u021bii privind originea termenului<\/a><\/li><li class=\"tree-post\">\u27a4 <a href=\"https:\/\/www.etnosfera.ro\/ro\/from-popa-bucur-craciun-to-popa-bucur-solnai-the-process-of-ethnic-assimilation-of-a-romanian-community-in-harghita-county-at-the-end-of-the-18th-beginning-of-the-19th-century\/\">De la popa Bucur Cr\u0103ciun la popa Bucur \u0218olnai. Procesul de asimilare etnic\u0103 a unei comunit\u0103\u021bi rom\u00e2ne\u0219ti din jude\u021bul Harghita la sf\u00e2r\u0219itul secolului al XVIII-lea \u2013 \u00eenceputul secolului al XIX-lea<\/a><\/li><li class=\"tree-post\">\u27a4 <a href=\"https:\/\/www.etnosfera.ro\/ro\/a-modern-avatar-of-religion-the-global-industrial-reorganization-of-mankind\/\">Religia industrial\u0103 global\u0103<\/a><\/li><li class=\"tree-post\">\u27a4 <a href=\"https:\/\/www.etnosfera.ro\/ro\/importance-of-culture-today\/\">Importan\u021ba culturii ast\u0103zi<\/a><\/li><li class=\"tree-post\">\u27a4 <a href=\"https:\/\/www.etnosfera.ro\/ro\/soul-density-sociology-of-depths\/\">Densitatea sufleteasc\u0103. Demers de sociologia profunzimilor<\/a><\/li><\/ul><\/li><li class=\"tree-subcat\"><span class=\"tree-toggle\">+<\/span> <span class=\"tree-title\">Vol 1<\/span><ul class=\"tree-posts\" style=\"display:none;\"><li class=\"tree-post\">\u27a4 <a href=\"https:\/\/www.etnosfera.ro\/ro\/hungarian-espionage-in-romania-1918-1940\/\">Hungarian espionage in Romania 1918\u20131940<\/a><\/li><li class=\"tree-post\">\u27a4 <a href=\"https:\/\/www.etnosfera.ro\/ro\/the-szeklers-and-the-secuization-of-romanians\/\">The Szeklers and the Secuization of Romanians<\/a><\/li><li class=\"tree-post\">\u27a4 <a href=\"https:\/\/www.etnosfera.ro\/ro\/a-dialogue-of-the-youth\/\">A dialogue of the youth<\/a><\/li><li class=\"tree-post\">\u27a4 <a href=\"https:\/\/www.etnosfera.ro\/ro\/a-point-of-view-regarding-freemasonry-based-on-a-study-written-by-a-contemporary-orthodox-bishop\/\">A point of view regarding freemasonry, based on a study written by a contemporary Orthodox bishop<\/a><\/li><li class=\"tree-post\">\u27a4 <a href=\"https:\/\/www.etnosfera.ro\/ro\/institutional-heritage-the-founding-narrative-of-stephen-the-great-military-high-school-a-tribute-to-the-centennial-anniversary\/\">Institutional heritage: the founding narrative of \u201cStephen the Great\u201d Military High School. A tribute to the centennial anniversary<\/a><\/li><li class=\"tree-post\">\u27a4 <a href=\"https:\/\/www.etnosfera.ro\/ro\/civil-union-or-the-aesthetic-fluidity-of-the-false-family\/\">Civil union or the aesthetic fluidity of the false family<\/a><\/li><li class=\"tree-post\">\u27a4 <a href=\"https:\/\/www.etnosfera.ro\/ro\/constantin-brancusi-b-feb-19-1876-hobita-pestisani-gorj-d-mar-16-1957-paris-the-artist-of-light\/\">Constantin Br\u00e2ncu\u0219i (b. Feb. 19, 1876, Hobi\u021ba, Pe\u0219ti\u015fani, Gorj, d. Mar. 16, 1957, Paris). The artist of light<\/a><\/li><li class=\"tree-post\">\u27a4 <a href=\"https:\/\/www.etnosfera.ro\/ro\/shepherds-in-covasna-during-collectivization\/\">Shepherds in Covasna during collectivization<\/a><\/li><li class=\"tree-post\">\u27a4 <a href=\"https:\/\/www.etnosfera.ro\/ro\/social-and-legal-challenges-of-the-romanian-community-in-covasna-harghita-and-mures-counties\/\">Social and legal challenges of the Romanian community in Covasna, Harghita and Mure\u0219 counties<\/a><\/li><li class=\"tree-post\">\u27a4 <a href=\"https:\/\/www.etnosfera.ro\/ro\/the-hungarianization-of-names-and-inscriptions-on-the-crosses-in-the-cemetery-of-plaiesii-de-jos-a-form-of-manifestation-of-ethnic-assimilation\/\">The Hungarianization of names and inscriptions on the crosses in the cemetery of Pl\u0103ie\u0219ii de Jos \u2013 a form of manifestation of ethnic assimilation<\/a><\/li><li class=\"tree-post\">\u27a4 <a href=\"https:\/\/www.etnosfera.ro\/ro\/the-current-vitality-of-the-romanian-community-living-in-hungary\/\">The current vitality of the Romanian community living in Hungary<\/a><\/li><li class=\"tree-post\">\u27a4 <a href=\"https:\/\/www.etnosfera.ro\/ro\/some-considerations-related-to-the-financing-of-romanian-education-south-of-the-danube\/\">Some considerations related to the financing of Romanian education South of the Danube<\/a><\/li><li class=\"tree-post\">\u27a4 <a href=\"https:\/\/www.etnosfera.ro\/ro\/romanian-diaspora-in-the-russian-federation-in-light-of-the-2010-and-2020-population-censuses\/\">Romanian diaspora in the Russian Federation in light of the 2010 and 2020 population censuses<\/a><\/li><li class=\"tree-post\">\u27a4 <a href=\"https:\/\/www.etnosfera.ro\/ro\/a-new-experience-for-romania-immigrants-on-the-labor-market\/\">A new experience for Romania: immigrants on the labor market<\/a><\/li><\/ul><\/li><\/ul><\/li><li class=\"tree-cat\"><span class=\"tree-toggle\">+<\/span> <span class=\"tree-title\">Etnosfera 2023<\/span><ul class=\"tree-subcats\" style=\"display:none;\"><li class=\"tree-subcat\"><span class=\"tree-toggle\">+<\/span> <span class=\"tree-title\">Vol 2<\/span><ul class=\"tree-posts\" style=\"display:none;\"><li class=\"tree-post\">\u27a4 <a href=\"https:\/\/www.etnosfera.ro\/ro\/the-current-status-of-the-north-western-romanian-border-100-years-after-the-treaty-of-versailles-research-report-radu-baltasiu\/\">The current status of the North-Western Romanian border 100 years after the Treaty of Versailles. Research report \u2013 Radu Baltasiu<\/a><\/li><li class=\"tree-post\">\u27a4 <a href=\"https:\/\/www.etnosfera.ro\/ro\/theoretical-approaches-to-the-snowflake-millennial-me-generation-egocentric-generation\/\">Theoretical approaches to the \u201cSnowflake- Millennial\u201d\/\u201cMe Generation\u201d\/\u201cEgocentric Generation\u201d<\/a><\/li><li class=\"tree-post\">\u27a4 <a href=\"https:\/\/www.etnosfera.ro\/ro\/discourse-and-counter-discourse-on-the-snowflake-millennial-me-generation-egocentric-generation\/\">Discourse and counter-discourse on the \u201cSnowflake-Millennial\u201d\/\u201cMe Generation\u201d\/\u201cEgocentric Generation\u201d<\/a><\/li><li class=\"tree-post\">\u27a4 <a href=\"https:\/\/www.etnosfera.ro\/ro\/social-capital-in-the-digital-age\/\">Social capital in the digital age<\/a><\/li><li class=\"tree-post\">\u27a4 <a href=\"https:\/\/www.etnosfera.ro\/ro\/the-technocratic-deformation-of-society\/\">The technocratic deformation of society<\/a><\/li><li class=\"tree-post\">\u27a4 <a href=\"https:\/\/www.etnosfera.ro\/ro\/epistolary-fragmentarium-ion-conea-david-prodan-a-geopoliticians-dialogue-with-a-historian\/\">Epistolary fragmentarium: Ion Conea \u2013 David Prodan. A geopolitician\u2019s dialogue with a historian<\/a><\/li><li class=\"tree-post\">\u27a4 <a href=\"https:\/\/www.etnosfera.ro\/ro\/the-issue-of-sovereignty-and-conservative-doctrine-a-response-to-the-new-crisis-autochthonism-and-humanity\/\">The issue of sovereignty and conservative doctrine. A response to the new crisis. Autochthonism and humanity<\/a><\/li><li class=\"tree-post\">\u27a4 <a href=\"https:\/\/www.etnosfera.ro\/ro\/romanian-interwar-newspaper-our-people-brief-content-analysis\/\">Romanian interwar newspaper \u201cOur People\u201d. Brief content analysis<\/a><\/li><li class=\"tree-post\">\u27a4 <a href=\"https:\/\/www.etnosfera.ro\/ro\/slavery-in-the-byzantine-commonwealth-in-the-13th-15th-centuries-a-regional-framing-of-the-beginnings-of-gypsy-slavery-in-romanian-countries\/\">Slavery in the Byzantine commonwealth in the 13th\u201315th centuries. A regional framing of the beginnings of Gypsy slavery in Romanian countries<\/a><\/li><li class=\"tree-post\">\u27a4 <a href=\"https:\/\/www.etnosfera.ro\/ro\/marriage-and-ethnic-culture\/\">Marriage and ethnic culture<\/a><\/li><\/ul><\/li><li class=\"tree-subcat\"><span class=\"tree-toggle\">+<\/span> <span class=\"tree-title\">Vol 1<\/span><ul class=\"tree-posts\" style=\"display:none;\"><li class=\"tree-post\">\u27a4 <a href=\"https:\/\/www.etnosfera.ro\/ro\/vasile-stoica-the-sorrows-of-ardeal-reading-notes\/\">Vasile Stoica, \u201cThe sorrows of Ardeal\u201d. Reading notes<\/a><\/li><li class=\"tree-post\">\u27a4 <a href=\"https:\/\/www.etnosfera.ro\/ro\/the-szekler-problem-g-badea-latuceanu-book-review\/\">\u201cThe Szekler problem\u201d \u2013 G. Badea L\u0103tuceanu. Book review<\/a><\/li><li class=\"tree-post\">\u27a4 <a href=\"https:\/\/www.etnosfera.ro\/ro\/nicolae-timiras-the-voice-of-a-diplomat-regarding-the-issue-of-the-aromanians-in-albania\/\">Nicolae \u021aimira\u0219. The voice of a diplomat regarding the issue of the Aromanians in Albania<\/a><\/li><li class=\"tree-post\">\u27a4 <a href=\"https:\/\/www.etnosfera.ro\/ro\/a-historiography-of-the-origins-of-the-gypsy-slavery-in-romanian-countries-current-hypotheses-and-research-directions\/\">A historiography of the origins of the Gypsy slavery in Romanian countries. Current hypotheses and research directions<\/a><\/li><li class=\"tree-post\">\u27a4 <a href=\"https:\/\/www.etnosfera.ro\/ro\/technical-tyranny\/\">Technical tyranny<\/a><\/li><li class=\"tree-post\">\u27a4 <a href=\"https:\/\/www.etnosfera.ro\/ro\/between-the-icon-and-the-system-considerations-on-the-world-order-a-short-review-of-sorin-dumitrescus-short-study-the-fight-between-the-icon-with-the-system\/\">Between the icon and the system. Considerations on the world order. A short review of Sorin Dumitrescu\u2019s short study \u201cThe fight between the icon with the system\u201d<\/a><\/li><\/ul><\/li><\/ul><\/li><li class=\"tree-cat\"><span class=\"tree-toggle\">+<\/span> <span class=\"tree-title\">Etnosfera 2022<\/span><ul class=\"tree-subcats\" style=\"display:none;\"><li class=\"tree-subcat\"><span class=\"tree-toggle\">+<\/span> <span class=\"tree-title\">Vol 2<\/span><ul class=\"tree-posts\" style=\"display:none;\"><li class=\"tree-post\">\u27a4 <a href=\"https:\/\/www.etnosfera.ro\/ro\/dimitrie-gustis-knowledge-and-action-in-the-service-of-the-nation-book-review\/\">Dimitrie Gusti\u2019s \u201cKnowledge and action in the service of the nation\u201d. Book review<\/a><\/li><li class=\"tree-post\">\u27a4 <a href=\"https:\/\/www.etnosfera.ro\/ro\/ioan-lacatusu-romanians-in-the-hungarian-mass-media-from-harghita-and-covasna-counties-2006-2009-book-presentation\/\">Ioan L\u0103c\u0103tu\u0219u, \u201cRomanians in the Hungarian mass-media from Harghita and Covasna counties (2006-2009)\u201d. Book presentation<\/a><\/li><li class=\"tree-post\">\u27a4 <a href=\"https:\/\/www.etnosfera.ro\/ro\/arguments-against-the-territorial-autonomy-based-on-ethnic-criteria-of-the-so-called-szeklerland-by-ioan-lacatusu-book-review\/\">Arguments against the territorial autonomy based on ethnic criteria of the so-called \u201cSzeklerland\u201d by Ioan L\u0103c\u0103tu\u0219u. Book review<\/a><\/li><li class=\"tree-post\">\u27a4 <a href=\"https:\/\/www.etnosfera.ro\/ro\/snowflake-generation-and-problems-caused-by-pandemic-restrictions-an-analysis-starting-from-constantin-noica-and-max-weber\/\">Snowflake Generation and problems caused by pandemic restrictions. An analysis starting from Constantin Noica and Max Weber<\/a><\/li><li class=\"tree-post\">\u27a4 <a href=\"https:\/\/www.etnosfera.ro\/ro\/snowflake-generation-between-clarity-and-spiritual-paralysis\/\">Snowflake Generation \u2013 between clarity and spiritual paralysis<\/a><\/li><li class=\"tree-post\">\u27a4 <a href=\"https:\/\/www.etnosfera.ro\/ro\/snowflake-generation-theoretical-foundation-and-brief-characterization\/\">Snowflake Generation: theoretical foundation and brief characterization<\/a><\/li><li class=\"tree-post\">\u27a4 <a href=\"https:\/\/www.etnosfera.ro\/ro\/literature-and-art-as-transhumanist-endeavors-leon-trotsky\/\">Literature and art as transhumanist endeavors: Leon Trotsky<\/a><\/li><li class=\"tree-post\">\u27a4 <a href=\"https:\/\/www.etnosfera.ro\/ro\/geopolitics-globalization-and-totalitarianism\/\">Geopolitics, globalization, and totalitarianism<\/a><\/li><li class=\"tree-post\">\u27a4 <a href=\"https:\/\/www.etnosfera.ro\/ro\/the-life-story-of-elie-carafoli-a-representative-of-the-aromanian-elite-a-subjective-testimony\/\">The life story of Elie Carafoli, a representative of the Aromanian elite. A subjective testimony<\/a><\/li><li class=\"tree-post\">\u27a4 <a href=\"https:\/\/www.etnosfera.ro\/ro\/nae-ionescu-introductory-debrief\/\">Nae Ionescu. Introductory Debrief<\/a><\/li><li class=\"tree-post\">\u27a4 <a href=\"https:\/\/www.etnosfera.ro\/ro\/aspects-of-the-bulgarian-influence-in-the-european-regions-belonging-to-the-ottoman-empire-in-the-latter-part-of-the-19th-and-the-first-part-of-the-20th-century\/\">Aspects of the Bulgarian influence in the European regions belonging to the Ottoman Empire in the latter part of the 19th and the first part of the 20th century<\/a><\/li><li class=\"tree-post\">\u27a4 <a href=\"https:\/\/www.etnosfera.ro\/ro\/sadu-sibiu-county-a-brief-dive-into-the-theoretical-approach-of-the-research\/\">Sadu \u2013 Sibiu County. A brief dive into the theoretical approach of the research<\/a><\/li><li class=\"tree-post\">\u27a4 <a href=\"https:\/\/www.etnosfera.ro\/ro\/the-perils-of-sociological-research-transnistrian-romanians-reflected-in-the-sociological-survey-conducted-by-anton-golopentia-and-in-the-files-of-soviet-repression\/\">The perils of sociological research. Transnistrian Romanians reflected in the sociological survey conducted by Anton Golopen\u021bia and in the files of Soviet repression<\/a><\/li><li class=\"tree-post\">\u27a4 <a href=\"https:\/\/www.etnosfera.ro\/ro\/the-romanian-community-in-spain-short-presentation\/\">The Romanian community in Spain. Short presentation<\/a><\/li><li class=\"tree-post\">\u27a4 <a href=\"https:\/\/www.etnosfera.ro\/ro\/the-romanians-of-the-timok-valley-in-the-debates-of-the-commission-for-the-frontiers-of-romania-and-yugoslavia-paris-peace-conference-1919\/\">The Romanians of the Timok Valley in the debates of the commission for the frontiers of Romania and Yugoslavia, Paris Peace Conference, 1919<\/a><\/li><\/ul><\/li><li class=\"tree-subcat\"><span class=\"tree-toggle\">+<\/span> <span class=\"tree-title\">Vol 1<\/span><ul class=\"tree-posts\" style=\"display:none;\"><li class=\"tree-post\">\u27a4 <a href=\"https:\/\/www.etnosfera.ro\/ro\/dimitrie-gustis-knowledge-and-action-in-the-service-of-the-nation-book-review\/\">Dimitrie Gusti\u2019s \u201cKnowledge and action in the service of the nation\u201d. Book review<\/a><\/li><li class=\"tree-post\">\u27a4 <a href=\"https:\/\/www.etnosfera.ro\/ro\/ioan-lacatusu-romanians-in-the-hungarian-mass-media-from-harghita-and-covasna-counties-2006-2009-book-presentation\/\">Ioan L\u0103c\u0103tu\u0219u, \u201cRomanians in the Hungarian mass-media from Harghita and Covasna counties (2006-2009)\u201d. Book presentation<\/a><\/li><li class=\"tree-post\">\u27a4 <a href=\"https:\/\/www.etnosfera.ro\/ro\/arguments-against-the-territorial-autonomy-based-on-ethnic-criteria-of-the-so-called-szeklerland-by-ioan-lacatusu-book-review\/\">Arguments against the territorial autonomy based on ethnic criteria of the so-called \u201cSzeklerland\u201d by Ioan L\u0103c\u0103tu\u0219u. Book review<\/a><\/li><li class=\"tree-post\">\u27a4 <a href=\"https:\/\/www.etnosfera.ro\/ro\/snowflake-generation-and-problems-caused-by-pandemic-restrictions-an-analysis-starting-from-constantin-noica-and-max-weber\/\">Snowflake Generation and problems caused by pandemic restrictions. An analysis starting from Constantin Noica and Max Weber<\/a><\/li><li class=\"tree-post\">\u27a4 <a href=\"https:\/\/www.etnosfera.ro\/ro\/snowflake-generation-between-clarity-and-spiritual-paralysis\/\">Snowflake Generation \u2013 between clarity and spiritual paralysis<\/a><\/li><li class=\"tree-post\">\u27a4 <a href=\"https:\/\/www.etnosfera.ro\/ro\/snowflake-generation-theoretical-foundation-and-brief-characterization\/\">Snowflake Generation: theoretical foundation and brief characterization<\/a><\/li><li class=\"tree-post\">\u27a4 <a href=\"https:\/\/www.etnosfera.ro\/ro\/literature-and-art-as-transhumanist-endeavors-leon-trotsky\/\">Literature and art as transhumanist endeavors: Leon Trotsky<\/a><\/li><li class=\"tree-post\">\u27a4 <a href=\"https:\/\/www.etnosfera.ro\/ro\/geopolitics-globalization-and-totalitarianism\/\">Geopolitics, globalization, and totalitarianism<\/a><\/li><li class=\"tree-post\">\u27a4 <a href=\"https:\/\/www.etnosfera.ro\/ro\/the-life-story-of-elie-carafoli-a-representative-of-the-aromanian-elite-a-subjective-testimony\/\">The life story of Elie Carafoli, a representative of the Aromanian elite. A subjective testimony<\/a><\/li><li class=\"tree-post\">\u27a4 <a href=\"https:\/\/www.etnosfera.ro\/ro\/nae-ionescu-introductory-debrief\/\">Nae Ionescu. Introductory Debrief<\/a><\/li><li class=\"tree-post\">\u27a4 <a href=\"https:\/\/www.etnosfera.ro\/ro\/aspects-of-the-bulgarian-influence-in-the-european-regions-belonging-to-the-ottoman-empire-in-the-latter-part-of-the-19th-and-the-first-part-of-the-20th-century\/\">Aspects of the Bulgarian influence in the European regions belonging to the Ottoman Empire in the latter part of the 19th and the first part of the 20th century<\/a><\/li><li class=\"tree-post\">\u27a4 <a href=\"https:\/\/www.etnosfera.ro\/ro\/sadu-sibiu-county-a-brief-dive-into-the-theoretical-approach-of-the-research\/\">Sadu \u2013 Sibiu County. A brief dive into the theoretical approach of the research<\/a><\/li><li class=\"tree-post\">\u27a4 <a href=\"https:\/\/www.etnosfera.ro\/ro\/the-perils-of-sociological-research-transnistrian-romanians-reflected-in-the-sociological-survey-conducted-by-anton-golopentia-and-in-the-files-of-soviet-repression\/\">The perils of sociological research. Transnistrian Romanians reflected in the sociological survey conducted by Anton Golopen\u021bia and in the files of Soviet repression<\/a><\/li><li class=\"tree-post\">\u27a4 <a href=\"https:\/\/www.etnosfera.ro\/ro\/the-romanian-community-in-spain-short-presentation\/\">The Romanian community in Spain. Short presentation<\/a><\/li><li class=\"tree-post\">\u27a4 <a href=\"https:\/\/www.etnosfera.ro\/ro\/the-romanians-of-the-timok-valley-in-the-debates-of-the-commission-for-the-frontiers-of-romania-and-yugoslavia-paris-peace-conference-1919\/\">The Romanians of the Timok Valley in the debates of the commission for the frontiers of Romania and Yugoslavia, Paris Peace Conference, 1919<\/a><\/li><\/ul><\/li><\/ul><\/li><li class=\"tree-cat\"><span class=\"tree-toggle\">+<\/span> <span class=\"tree-title\">Etnosfera 2021<\/span><ul class=\"tree-subcats\" style=\"display:none;\"><li class=\"tree-subcat\"><span class=\"tree-toggle\">+<\/span> <span class=\"tree-title\">Vol 2<\/span><ul class=\"tree-posts\" style=\"display:none;\"><li class=\"tree-post\">\u27a4 <a href=\"https:\/\/www.etnosfera.ro\/ro\/the-cultural-center-a-gustian-answer-to-the-issues-of-today%ca%bcs-romanian-village\/\">The Cultural Center-a gustian answer to the issues of today\u02bcs Romanian village<\/a><\/li><li class=\"tree-post\">\u27a4 <a href=\"https:\/\/www.etnosfera.ro\/ro\/the-function-of-dialogue-in-a-society-of-isolation\/\">The function of dialogue in a society of isolation<\/a><\/li><li class=\"tree-post\">\u27a4 <a href=\"https:\/\/www.etnosfera.ro\/ro\/the-movement-of-romanian-women-from-the-middle-ages-to-the-end-of-the-wwii\/\">The movement of Romanian women from the Middle Ages to the end of the WWII<\/a><\/li><li class=\"tree-post\">\u27a4 <a href=\"https:\/\/www.etnosfera.ro\/ro\/what-it-takes-to-be-a-conservative\/\">What it takes to be a conservative?<\/a><\/li><li class=\"tree-post\">\u27a4 <a href=\"https:\/\/www.etnosfera.ro\/ro\/captain-ilie-birt-from-brasov-ideas-and-ways-of-action-to-preserve-romanian-identity-in-18th-century-transylvania\/\">Captain Ilie Birt from Brasov: ideas and ways of action to preserve Romanian identity in 18th century Transylvania<\/a><\/li><li class=\"tree-post\">\u27a4 <a href=\"https:\/\/www.etnosfera.ro\/ro\/aspects-from-the-life-and-activity-of-archpriest-zaharia-manu\/\">Aspects from the life and activity of archpriest Zaharia Manu<\/a><\/li><li class=\"tree-post\">\u27a4 <a href=\"https:\/\/www.etnosfera.ro\/ro\/setting-the-heritage-of-old-europe-in-perspective-cultural-studies-and-their-interdisciplinary-contextualization\/\">Setting the heritage of Old Europe in perspective \u2013 cultural studies and their interdisciplinary contextualization<\/a><\/li><\/ul><\/li><li class=\"tree-subcat\"><span class=\"tree-toggle\">+<\/span> <span class=\"tree-title\">Vol 1<\/span><ul class=\"tree-posts\" style=\"display:none;\"><li class=\"tree-post\">\u27a4 <a href=\"https:\/\/www.etnosfera.ro\/ro\/young-generations-and-their-purpose\/\">Young generations and their purpose<\/a><\/li><li class=\"tree-post\">\u27a4 <a href=\"https:\/\/www.etnosfera.ro\/ro\/youth-between-discipline-and-ritual\/\">Youth between discipline and ritual<\/a><\/li><li class=\"tree-post\">\u27a4 <a href=\"https:\/\/www.etnosfera.ro\/ro\/the-notion-of-diaspora-conceptual-clarification-and-missionary-paradigm\/\">The notion of diaspora: conceptual clarification and missionary paradigm<\/a><\/li><li class=\"tree-post\">\u27a4 <a href=\"https:\/\/www.etnosfera.ro\/ro\/the-ignored-origins-of-the-concepts-of-progress-and-evolution\/\">The ignored origins of the concepts of progress and evolution<\/a><\/li><li class=\"tree-post\">\u27a4 <a href=\"https:\/\/www.etnosfera.ro\/ro\/a-short-analysis-regarding-social-security-of-romanians-from-the-harghita-covasna-area\/\">A short analysis regarding social security of Romanians from the Harghita-Covasna area<\/a><\/li><li class=\"tree-post\">\u27a4 <a href=\"https:\/\/www.etnosfera.ro\/ro\/transylvania-as-a-dependent-province-of-the-empire-sociological-aspects-of-the-mitteleuropean-paradigm-i\/\">Transylvania as a dependent province of the empire. Sociological aspects of the Mitteleuropean paradigm (I)<\/a><\/li><li class=\"tree-post\">\u27a4 <a href=\"https:\/\/www.etnosfera.ro\/ro\/some-aspects-concerning-the-catholic-propaganda-in-the-balkans-the-aromanian-case\/\">Some aspects concerning the catholic propaganda in the Balkans. The Aromanian case<\/a><\/li><li class=\"tree-post\">\u27a4 <a href=\"https:\/\/www.etnosfera.ro\/ro\/the-involution-of-education-for-national-miniorities-in-ukraine-as-reflected-in-the-monitoring-by-the-council-of-europe-2\/\">The involution of education for national miniorities in Ukraine as reflected in the monitoring by the Council of Europe<\/a><\/li><\/ul><\/li><\/ul><\/li><li class=\"tree-cat\"><span class=\"tree-toggle\">+<\/span> <span class=\"tree-title\">Etnosfera 2020<\/span><ul class=\"tree-subcats\" style=\"display:none;\"><li class=\"tree-subcat\"><span class=\"tree-toggle\">+<\/span> <span class=\"tree-title\">Vol 2<\/span><ul class=\"tree-posts\" style=\"display:none;\"><li class=\"tree-post\">\u27a4 <a href=\"https:\/\/www.etnosfera.ro\/ro\/george-a-arkeloff-robert-j-shiller-phishing-pools\/\">\u201cGeorge A. Arkeloff, Robert J. Shiller, phishing pools\u201d<\/a><\/li><li class=\"tree-post\">\u27a4 <a href=\"https:\/\/www.etnosfera.ro\/ro\/elisabeth-noelle-neumann-the-spiral-of-silence-public-opinion-our-social-skin\/\">\u201cElisabeth Noelle\u2013Neumann, the spiral of silence \u2013 public opinion, our social skin\u201d<\/a><\/li><li class=\"tree-post\">\u27a4 <a href=\"https:\/\/www.etnosfera.ro\/ro\/social-service-community-development-project-and-tool-for-supporting-the-peasant-family\/\">Social service \u2013 community development project and tool for supporting the peasant family<\/a><\/li><li class=\"tree-post\">\u27a4 <a href=\"https:\/\/www.etnosfera.ro\/ro\/ritual-baths-and-the-construction-of-jewish-identities\/\">Ritual baths and the construction of Jewish identities<\/a><\/li><li class=\"tree-post\">\u27a4 <a href=\"https:\/\/www.etnosfera.ro\/ro\/the-all-present-religion-of-modernity\/\">The all-present religion of modernity<\/a><\/li><li class=\"tree-post\">\u27a4 <a href=\"https:\/\/www.etnosfera.ro\/ro\/the-new-regime-of-the-young-turks-from-the-ottoman-empire-in-the-perception-of-some-romanian-diplomats-from-1908\/\">The new regime of the young Turks from the Ottoman empire in the perception of some Romanian diplomats from 1908<\/a><\/li><li class=\"tree-post\">\u27a4 <a href=\"https:\/\/www.etnosfera.ro\/ro\/modernization-versus-identity-the-case-of-habsburg-rule-in-oltenia\/\">Modernization versus identity: the case of habsburg rule in Oltenia<\/a><\/li><li class=\"tree-post\">\u27a4 <a href=\"https:\/\/www.etnosfera.ro\/ro\/on-bancilas-sacrality-of-holiday-towards-a-sociology-of-revival\/\">On B\u0103ncil\u0103\u2019s sacrality of holiday. Towards a sociology of revival<\/a><\/li><\/ul><\/li><li class=\"tree-subcat\"><span class=\"tree-toggle\">+<\/span> <span class=\"tree-title\">Vol 1<\/span><ul class=\"tree-posts\" style=\"display:none;\"><li class=\"tree-post\">\u27a4 <a href=\"https:\/\/www.etnosfera.ro\/ro\/ion-ungureanu-the-paradigms-of-society-knowledge\/\">Ion Ungureanu. \u201cThe paradigms of society knowledge\u201c<\/a><\/li><li class=\"tree-post\">\u27a4 <a href=\"https:\/\/www.etnosfera.ro\/ro\/the-geopolitical-maps-of-the-romanian-identity-the-ethnogenesis\/\">The geopolitical maps of the Romanian identity. The ethnogenesis<\/a><\/li><li class=\"tree-post\">\u27a4 <a href=\"https:\/\/www.etnosfera.ro\/ro\/a-brief-dossier-migration-and-facts-romania-and-italy\/\">A brief dossier. Migration and facts: Romania and Italy<\/a><\/li><li class=\"tree-post\">\u27a4 <a href=\"https:\/\/www.etnosfera.ro\/ro\/the-unseen-faces-of-the-communist-nomenclature-elements-of-oral-history-ii\/\">The unseen faces of the communist nomenclature. Elements of oral history (II)<\/a><\/li><li class=\"tree-post\">\u27a4 <a href=\"https:\/\/www.etnosfera.ro\/ro\/negotiated-borders-the-romanian-kingdom-albania-and-the-aromanian-cause\/\">Negotiated borders. The Romanian Kingdom, Albania and the Aromanian cause<\/a><\/li><li class=\"tree-post\">\u27a4 <a href=\"https:\/\/www.etnosfera.ro\/ro\/the-bright-and-brave-new-world\/\">The bright and brave new world<\/a><\/li><li class=\"tree-post\">\u27a4 <a href=\"https:\/\/www.etnosfera.ro\/ro\/southern-bessarabia-facing-terrorism-propaganda-and-diplomacy-redefining-the-soviet-strategy-towards-romania-during-the-early-1920-s\/\">Southern Bessarabia facing terrorism, propaganda and diplomacy. Redefining the soviet strategy towards romania  during the early 1920\u2019 s<\/a><\/li><\/ul><\/li><\/ul><\/li><li class=\"tree-cat\"><span class=\"tree-toggle\">+<\/span> <span class=\"tree-title\">Etnosfera 2019<\/span><ul class=\"tree-subcats\" style=\"display:none;\"><li class=\"tree-subcat\"><span class=\"tree-toggle\">+<\/span> <span class=\"tree-title\">Vol 2<\/span><ul class=\"tree-posts\" style=\"display:none;\"><li class=\"tree-post\">\u27a4 <a href=\"https:\/\/www.etnosfera.ro\/ro\/review-the-meeting-with-i-ungureanus-book-paradigms-for-the-knowledge-of-society-the-sixth-meeting\/\">Review: the \u201cmeeting\u201d with I. Ungureanu\u2019s book. Paradigms for the knowledge of society \u2013 the sixth meeting<\/a><\/li><li class=\"tree-post\">\u27a4 <a href=\"https:\/\/www.etnosfera.ro\/ro\/the-hidden-faces-of-the-communist-nomenclature-elements-of-oral-history\/\">The hidden faces of the communist nomenclature \u2013 elements of oral history<\/a><\/li><li class=\"tree-post\">\u27a4 <a href=\"https:\/\/www.etnosfera.ro\/ro\/the-myth-of-the-overman-and-modern-society\/\">The myth of the overman and modern society<\/a><\/li><li class=\"tree-post\">\u27a4 <a href=\"https:\/\/www.etnosfera.ro\/ro\/towards-a-methodology-of-ethno-political-comparative-analysis-the-romanians-from-covasna-and-harghita-counties-the-romanians-from-hungary-and-the-hungarians-from-romania\/\">Towards a methodology of ethno-political comparative analysis. The Romanians from Covasna and Harghita counties, the Romanians from Hungary and the Hungarians from Romania<\/a><\/li><li class=\"tree-post\">\u27a4 <a href=\"https:\/\/www.etnosfera.ro\/ro\/the-village-the-instrument-to-restore-things-to-their-nature\/\">The village \u2013 The instrument to restore things to their nature<\/a><\/li><li class=\"tree-post\">\u27a4 <a href=\"https:\/\/www.etnosfera.ro\/ro\/the-condensed-monography-an-introduction-note-to-anton-golopentias-paradigmatic-contribution-to-the-bucharest-school-of-sociology\/\">The condensed monography: an introduction note to Anton Golopen\u021bia\u2019s paradigmatic contribution to the Bucharest school of sociology<\/a><\/li><\/ul><\/li><li class=\"tree-subcat\"><span class=\"tree-toggle\">+<\/span> <span class=\"tree-title\">Vol 1<\/span><ul class=\"tree-posts\" style=\"display:none;\"><li class=\"tree-post\">\u27a4 <a href=\"https:\/\/www.etnosfera.ro\/ro\/event-review-national-culture-day-and-the-launch-of-the-mihai-eminescu-the-complete-works-mobile-app\/\">Event review: National Culture Day and the launch of the \u201cMihai Eminescu, The complete works\u201d mobile app<\/a><\/li><li class=\"tree-post\">\u27a4 <a href=\"https:\/\/www.etnosfera.ro\/ro\/the-meeting-with-i-ungureanus-book-paradigms-for-the-knowledge-of-society\/\">The \u201cmeeting\u201d with I. Ungureanu&#039;s Book. Paradigms for the knowledge of society<\/a><\/li><li class=\"tree-post\">\u27a4 <a href=\"https:\/\/www.etnosfera.ro\/ro\/the-division-of-labor-in-society-by-emile-durkheim\/\">The Division of Labor in Society, by \u00c9mile Durkheim<\/a><\/li><li class=\"tree-post\">\u27a4 <a href=\"https:\/\/www.etnosfera.ro\/ro\/emile-durkheim-precursor-of-family-sociology\/\">\u00c9mile Durkheim, precursor of family sociology<\/a><\/li><li class=\"tree-post\">\u27a4 <a href=\"https:\/\/www.etnosfera.ro\/ro\/the-specialization-of-the-young-generation\/\">The Specialization Of The Young generation<\/a><\/li><li class=\"tree-post\">\u27a4 <a href=\"https:\/\/www.etnosfera.ro\/ro\/diosti-village-a-sociological-model-to-follow\/\">Dio\u0219ti village: a Sociological  model to follow<\/a><\/li><li class=\"tree-post\">\u27a4 <a href=\"https:\/\/www.etnosfera.ro\/ro\/the-cunning-of-evil-a-very-short-introduction-to-eugen-drewermanns-conception-on-evil\/\">The cunning of evil. a very short introduction to Eugen Drewermann\u2019s  conception on evil<\/a><\/li><li class=\"tree-post\">\u27a4 <a href=\"https:\/\/www.etnosfera.ro\/ro\/the-romanian-village-and-ernest-berneas-sociological-perspective\/\">The romanian village and ernest bernea\u2019s  sociological perspective<\/a><\/li><\/ul><\/li><\/ul><\/li><li class=\"tree-cat\"><span class=\"tree-toggle\">+<\/span> <span class=\"tree-title\">Etnosfera 2018<\/span><ul class=\"tree-subcats\" style=\"display:none;\"><li class=\"tree-subcat\"><span class=\"tree-toggle\">+<\/span> <span class=\"tree-title\">Vol 2<\/span><ul class=\"tree-posts\" style=\"display:none;\"><li class=\"tree-post\">\u27a4 <a href=\"https:\/\/www.etnosfera.ro\/ro\/recenzie-eveniment-conferinta-nationala-consacrata-centenarului-marii-uniri-un-secol-de-stat-national-unitar-si-indivizibil\/\">Recenzie eveniment. Conferin\u0163a na\u0163ional\u0103 consacrat\u0103 Centenarului Marii Uniri: Un secol de stat na\u0163ional, unitar \u015fi indivizibil<\/a><\/li><li class=\"tree-post\">\u27a4 <a href=\"https:\/\/www.etnosfera.ro\/ro\/recenzie-eveniment-procesul-optantilor-unguri-marturii-documentare-din-arhivele-ministerului-francez-al-afacerilor-externe\/\">Recenzie eveniment. Procesul optan\u0163ilor unguri. M\u0103rturii documentare din arhivele Ministerului Francez al Afacerilor Externe<\/a><\/li><li class=\"tree-post\">\u27a4 <a href=\"https:\/\/www.etnosfera.ro\/ro\/recenzie-carte-dimitrie-gusti-sociologia-razboiului-iasi-editura-tipo-moldova-2007\/\">Recenzie carte. Dimitrie Gusti, Sociologia r\u0103zboiului, Ia\u015fi, editura Tipo Moldova, 2007<\/a><\/li><li class=\"tree-post\">\u27a4 <a href=\"https:\/\/www.etnosfera.ro\/ro\/recenzie-carte-ion-piso-doru-popovici-antifonar-epistolar-editia-a-2-a-revazuta-si-adaugita-bucuresti-editura-eikon-2017\/\">Recenzie carte. \u201eIon Piso, Doru Popovici, Antifonar Epistolar, edi\u021bia: a 2-a, rev\u0103zut\u0103 \u0219i ad\u0103ugit\u0103, Bucure\u0219ti, editura Eikon, 2017<\/a><\/li><li class=\"tree-post\">\u27a4 <a href=\"https:\/\/www.etnosfera.ro\/ro\/scurta-introducere-la-invataturile-lui-zarathustra\/\">Scurt\u0103 introducere la \u00eenv\u0103\u0163\u0103turile lui Zarathustra<\/a><\/li><li class=\"tree-post\">\u27a4 <a href=\"https:\/\/www.etnosfera.ro\/ro\/intalnirea-cu-cartea-lui-i-ungureanu-paradigme-ale-cunoasterii-societatii-1990-2\/\">\u201e\u00cent\u00e2lnirea\u201d cu cartea lui I. Ungureanu. Paradigme ale cunoa\u015fterii societ\u0103\u0163ii (1990)<\/a><\/li><li class=\"tree-post\">\u27a4 <a href=\"https:\/\/www.etnosfera.ro\/ro\/tinerii-scolii-sociologice-de-la-bucuresti-din-perspectiva-unitatii-sufletesti\/\">Tinerii \u015ecolii Sociologice de la Bucure\u015fti \u2013 din perspectiva unit\u0103\u0163ii suflete\u015fti<\/a><\/li><li class=\"tree-post\">\u27a4 <a href=\"https:\/\/www.etnosfera.ro\/ro\/catastrofa-demografica-din-perspectiva-metodei-statistico-demografice-a-marelui-carturar-vladimir-trebici\/\">Catastrofa demografic\u0103 din perspectiva metodei statistico-demografice a marelui c\u0103rturar Vladimir Trebici<\/a><\/li><li class=\"tree-post\">\u27a4 <a href=\"https:\/\/www.etnosfera.ro\/ro\/nicolae-colan-vector-al-unitatii-sufletesti-pentru-romanii-din-transilvania-dupa-1918\/\">Nicolae Colan, vector al unit\u0103\u0163ii suflete\u015fti pentru rom\u00e2nii din Transilvania dup\u0103 1918<\/a><\/li><li class=\"tree-post\">\u27a4 <a href=\"https:\/\/www.etnosfera.ro\/ro\/ratiunea-etnica-in-infaptuirea-marii-uniri-studiu-de-caz-alte-realitati-istorice-cazul-boia-si-the-world-s-today\/\">Ra\u0163iunea etnic\u0103 \u00een \u00eenf\u0103ptuirea Marii Uniri. Studiu de caz: alte realit\u0103\u0163i istorice (cazul Boia \u015fi \u201eThe world&#039; s today\u201d)<\/a><\/li><li class=\"tree-post\">\u27a4 <a href=\"https:\/\/www.etnosfera.ro\/ro\/imaginea-familiei-aspecte-teoretice-de-la-xenia-costa-foru\/\">Imaginea familiei: aspecte teoretice  de la Xenia Costa-Foru<\/a><\/li><li class=\"tree-post\">\u27a4 <a href=\"https:\/\/www.etnosfera.ro\/ro\/vitalitatea-societatii-romanesti-in-anul-centenarului-marii-unirii\/\">Vitalitatea societ\u0103\u021bii rom\u00e2ne\u0219ti \u00een anul Centenarului Marii Unirii<\/a><\/li><li class=\"tree-post\">\u27a4 <a href=\"https:\/\/www.etnosfera.ro\/ro\/viziunea-sociologului-ernest-bernea-asupra-maramuresului\/\">Viziunea sociologului Ernest Bernea asupra Maramure\u015fului<\/a><\/li><li class=\"tree-post\">\u27a4 <a href=\"https:\/\/www.etnosfera.ro\/ro\/hotarele-statice-si-dinamice-ale-romaniei-o-perspectiva-teoretica-din-interbelic-note-de-lectura\/\">Hotarele statice \u0219i dinamice ale Rom\u00e2niei, o perspectiv\u0103 teoretic\u0103 din interbelic. Note de lectur\u0103<\/a><\/li><li class=\"tree-post\">\u27a4 <a href=\"https:\/\/www.etnosfera.ro\/ro\/completari-necesare-la-strategia-nationala-de-aparare\/\">Complet\u0103ri necesare la Strategia na\u0163ional\u0103 de ap\u0103rare<\/a><\/li><li class=\"tree-post\">\u27a4 <a href=\"https:\/\/www.etnosfera.ro\/ro\/crucea-eroilor-neamului-de-pe-caraiman-90-ani\/\">Crucea eroilor neamului de pe Caraiman: 90 ani<\/a><\/li><li class=\"tree-post\">\u27a4 <a href=\"https:\/\/www.etnosfera.ro\/ro\/elemente-de-continut-ale-propagandei-in-anul-centenar\/\">Elemente de con\u0163inut ale propagandei \u00een anul Centenar<\/a><\/li><li class=\"tree-post\">\u27a4 <a href=\"https:\/\/www.etnosfera.ro\/ro\/geopolitica-retelelor-organice-pe-axa-carpatilor-familiile-nobiliare-maramuresene-2-premisa-pentru-documentarea-existentei-scrierilor-politice-maramuresene-pentru-un-codex-politic-romanesc-primit\/\">Geopolitica re\u0163elelor organice pe axa Carpa\u0163ilor: familiile nobiliare maramure\u015fene (2): Premisa pentru documentarea existen\u0163ei scrierilor politice maramure\u015fene (pentru un Codex politic rom\u00e2nesc primitiv)<\/a><\/li><\/ul><\/li><li class=\"tree-subcat\"><span class=\"tree-toggle\">+<\/span> <span class=\"tree-title\">Vol 1<\/span><ul class=\"tree-posts\" style=\"display:none;\"><li class=\"tree-post\">\u27a4 <a href=\"https:\/\/www.etnosfera.ro\/ro\/recenzie-eveniment-dezbaterea-romania-sub-presiunea-marilor-puteri-discutii-pe-marginea-cartii-fata-nevazuta-a-agresorului-pactul-ribbentrop-molotov-si-urmarile-lui-de-i-c-popa\/\">Recenzie eveniment. Dezbaterea \u201eRom\u00e2nia sub presiunea marilor puteri\u201d. Discu\u021bii pe marginea c\u0103r\u021bii Fa\u021ba nev\u0103zut\u0103 a Agresorului, Pactul Ribbentrop-Molotov \u0219i urm\u0103rile lui  de I.C. Popa<\/a><\/li><li class=\"tree-post\">\u27a4 <a href=\"https:\/\/www.etnosfera.ro\/ro\/recenzie-eveniment-ziarele-romanesti-despre-unirea-basarabiei-bucovinei-si-transilvaniei\/\">Recenzie eveniment. Ziarele rom\u00e2ne\u0219ti despre Unirea Basarabiei, Bucovinei \u0219i Transilvaniei<\/a><\/li><li class=\"tree-post\">\u27a4 <a href=\"https:\/\/www.etnosfera.ro\/ro\/recenzie-pe-marginea-cartii-poporul-romanesc-si-marea-conferinta-tinuta-de-n-iorga-la-liga-navala-romana-datina-romaneasca-valenii-de-munte-1938\/\">Recenzie pe marginea c\u0103r\u021bii Poporul Rom\u00e2nesc \u0219i Marea, Conferin\u021b\u0103 \u021binut\u0103 de N. Iorga la Liga Naval\u0103 rom\u00e2n\u0103. Datina Rom\u00e2neasc\u0103, V\u0103lenii de Munte, 1938<\/a><\/li><li class=\"tree-post\">\u27a4 <a href=\"https:\/\/www.etnosfera.ro\/ro\/intalnirea-cu-cartea-lui-i-ungureanu-paradigme-ale-cunoasterii-societatii-1990\/\">\u201e\u00cent\u00e2lnirea\u201d cu cartea lui I. Ungureanu. Paradigme ale cunoa\u0219terii societ\u0103\u021bii (1990)<\/a><\/li><li class=\"tree-post\">\u27a4 <a href=\"https:\/\/www.etnosfera.ro\/ro\/concerning-sergiu-celibidaches-phenomenology-of-music\/\">Concerning Sergiu Celibidache\u2019s Phenomenology of Music<\/a><\/li><li class=\"tree-post\">\u27a4 <a href=\"https:\/\/www.etnosfera.ro\/ro\/problema-memoriei-la-tanara-generatie-excurs-in-demografia-memoriei\/\">Problema memoriei la t\u00e2n\u0103ra genera\u021bie. Excurs \u00een demografia memoriei<\/a><\/li><li class=\"tree-post\">\u27a4 <a href=\"https:\/\/www.etnosfera.ro\/ro\/atunci-cand-am-sarutat-mana-regelui\/\">Atunci c\u00e2nd am s\u0103rutat m\u00e2na Regelui<\/a><\/li><li class=\"tree-post\">\u27a4 <a href=\"https:\/\/www.etnosfera.ro\/ro\/problema-optantilor-maghiari-prima-criza-diplomatica-majora-ungaria-romania-post-trianon\/\">Problema \u201eoptan\u0163ilor maghiari\u201d. Prima criz\u0103  diplomatic\u0103 major\u0103 Ungaria-Rom\u00e2nia post- Trianon<\/a><\/li><li class=\"tree-post\">\u27a4 <a href=\"https:\/\/www.etnosfera.ro\/ro\/cultura-familiei-si-cercetarea-monografica-a-acesteia-in-viziunea-xeniei-costa-foru\/\">Cultura familiei \u0219i cercetarea monografic\u0103 a acesteia \u00een viziunea Xeniei Costa-Foru<\/a><\/li><li class=\"tree-post\">\u27a4 <a href=\"https:\/\/www.etnosfera.ro\/ro\/romania-unde-ne-aflam-unde-vrem-sa-ajungem\/\">Rom\u00e2nia: unde ne afl\u0103m? Unde vrem s\u0103 ajungem?<\/a><\/li><\/ul><\/li><\/ul><\/li><li class=\"tree-cat\"><span class=\"tree-toggle\">+<\/span> <span class=\"tree-title\">Etnosfera 2017<\/span><ul class=\"tree-posts\" style=\"display:none;\"><li class=\"tree-post\">\u27a4 <a href=\"https:\/\/www.etnosfera.ro\/ro\/revista-etnosfera-nr-2-2017\/\">Revista Etnosfera nr.2\/2017<\/a><\/li><li class=\"tree-post\">\u27a4 <a href=\"https:\/\/www.etnosfera.ro\/ro\/revista-etnosfera-nr-1-2017\/\">Revista Etnosfera nr.1\/2017<\/a><\/li><\/ul><\/li><li class=\"tree-cat\"><span class=\"tree-toggle\">+<\/span> <span class=\"tree-title\">Etnosfera 2016<\/span><ul class=\"tree-posts\" style=\"display:none;\"><li class=\"tree-post\">\u27a4 <a href=\"https:\/\/www.etnosfera.ro\/ro\/revista-etnosfera-nr-2-2016\/\">Revista Etnosfera nr.2\/2016<\/a><\/li><li class=\"tree-post\">\u27a4 <a href=\"https:\/\/www.etnosfera.ro\/ro\/revista-etnosfera-nr-1-2016\/\">Revista Etnosfera nr.1\/2016<\/a><\/li><\/ul><\/li><li class=\"tree-cat\"><span class=\"tree-toggle\">+<\/span> <span class=\"tree-title\">Etnosfera 2015<\/span><ul class=\"tree-posts\" style=\"display:none;\"><li class=\"tree-post\">\u27a4 <a href=\"https:\/\/www.etnosfera.ro\/ro\/revista-etnosfera-nr-2-2015\/\">Revista Etnosfera nr.2\/2015<\/a><\/li><li class=\"tree-post\">\u27a4 <a href=\"https:\/\/www.etnosfera.ro\/ro\/revista-etnosfera-nr-1-2015\/\">Revista Etnosfera nr.1\/2015<\/a><\/li><\/ul><\/li><li class=\"tree-cat\"><span class=\"tree-toggle\">+<\/span> <span class=\"tree-title\">Etnosfera 2014<\/span><ul class=\"tree-posts\" style=\"display:none;\"><li class=\"tree-post\">\u27a4 <a href=\"https:\/\/www.etnosfera.ro\/ro\/revista-etnosfera-nr-4-2014\/\">Revista Etnosfera nr.4\/2014<\/a><\/li><li class=\"tree-post\">\u27a4 <a href=\"https:\/\/www.etnosfera.ro\/ro\/revista-etnosfera-nr-3-2014\/\">Revista Etnosfera nr.3\/2014<\/a><\/li><li class=\"tree-post\">\u27a4 <a href=\"https:\/\/www.etnosfera.ro\/ro\/revista-etnosfera-nr-2-2014\/\">Revista Etnosfera nr.2\/2014<\/a><\/li><li class=\"tree-post\">\u27a4 <a href=\"https:\/\/www.etnosfera.ro\/ro\/revista-etnosfera-nr-1-2014\/\">Revista Etnosfera nr.1\/2014<\/a><\/li><\/ul><\/li><li class=\"tree-cat\"><span class=\"tree-toggle\">+<\/span> <span class=\"tree-title\">Etnosfera 2013<\/span><ul class=\"tree-posts\" style=\"display:none;\"><li class=\"tree-post\">\u27a4 <a href=\"https:\/\/www.etnosfera.ro\/ro\/revista-etnosfera-nr-4-2013\/\">Revista Etnosfera nr.4\/2013<\/a><\/li><li class=\"tree-post\">\u27a4 <a href=\"https:\/\/www.etnosfera.ro\/ro\/revista-etnosfera-nr-3-2013\/\">Revista Etnosfera nr.3\/2013<\/a><\/li><li class=\"tree-post\">\u27a4 <a href=\"https:\/\/www.etnosfera.ro\/ro\/revista-etnosfera-nr-2-2013\/\">Revista Etnosfera nr.2\/2013<\/a><\/li><li class=\"tree-post\">\u27a4 <a href=\"https:\/\/www.etnosfera.ro\/ro\/revista-etnosfera-nr-1-2013\/\">Revista Etnosfera nr.1\/2013<\/a><\/li><\/ul><\/li><li class=\"tree-cat\"><span class=\"tree-toggle\">+<\/span> <span class=\"tree-title\">Etnosfera 2012<\/span><ul class=\"tree-posts\" style=\"display:none;\"><li class=\"tree-post\">\u27a4 <a href=\"https:\/\/www.etnosfera.ro\/ro\/revista-etnosfera-nr-4-2012-2\/\">Revista Etnosfera nr.4\/2012<\/a><\/li><li class=\"tree-post\">\u27a4 <a href=\"https:\/\/www.etnosfera.ro\/ro\/revista-etnosfera-nr-3-2012-2\/\">Revista Etnosfera nr.3\/2012<\/a><\/li><li class=\"tree-post\">\u27a4 <a href=\"https:\/\/www.etnosfera.ro\/ro\/revista-etnosfera-nr-1-2012\/\">Revista Etnosfera nr.1\/2012<\/a><\/li><li class=\"tree-post\">\u27a4 <a href=\"https:\/\/www.etnosfera.ro\/ro\/etnosfera-journal-nr-2-2012\/\">Etnosfera Journal nr. 2\/2012<\/a><\/li><li class=\"tree-post\">\u27a4 <a href=\"https:\/\/www.etnosfera.ro\/ro\/etnosfera-journal-nr-1-2012\/\">Etnosfera Journal nr. 1\/2012<\/a><\/li><\/ul><\/li><li class=\"tree-cat\"><span class=\"tree-toggle\">+<\/span> <span class=\"tree-title\">Etnosfera 2011<\/span><ul class=\"tree-posts\" style=\"display:none;\"><li class=\"tree-post\">\u27a4 <a href=\"https:\/\/www.etnosfera.ro\/ro\/revista-etnosfera-nr-4-2011\/\">Revista Etnosfera nr.4\/2011<\/a><\/li><li class=\"tree-post\">\u27a4 <a href=\"https:\/\/www.etnosfera.ro\/ro\/revista-etnosfera-nr-3-2011\/\">Revista Etnosfera nr.3\/2011<\/a><\/li><li class=\"tree-post\">\u27a4 <a href=\"https:\/\/www.etnosfera.ro\/ro\/revista-etnosfera-nr-2-2011\/\">Revista Etnosfera nr.2\/2011<\/a><\/li><li class=\"tree-post\">\u27a4 <a href=\"https:\/\/www.etnosfera.ro\/ro\/833-2\/\">Revista Etnosfera nr.1\/2011<\/a><\/li><\/ul><\/li><li class=\"tree-cat\"><span class=\"tree-toggle\">+<\/span> <span class=\"tree-title\">Etnosfera 2010<\/span><ul class=\"tree-posts\" style=\"display:none;\"><li class=\"tree-post\">\u27a4 <a href=\"https:\/\/www.etnosfera.ro\/ro\/revista-etnosfera-nr-4-2010\/\">Revista Etnosfera nr.4\/2010<\/a><\/li><li class=\"tree-post\">\u27a4 <a href=\"https:\/\/www.etnosfera.ro\/ro\/3-2010\/\">Revista Etnosfera nr.3\/2010<\/a><\/li><li class=\"tree-post\">\u27a4 <a href=\"https:\/\/www.etnosfera.ro\/ro\/revista-etnosfera-nr-2-2010\/\">Revista Etnosfera nr.2\/2010<\/a><\/li><li class=\"tree-post\">\u27a4 <a href=\"https:\/\/www.etnosfera.ro\/ro\/revista-etnosfera-nr-1-2010\/\">Revista Etnosfera nr.1\/2010<\/a><\/li><\/ul><\/li><li class=\"tree-cat\"><span class=\"tree-toggle\">+<\/span> <span class=\"tree-title\">Etnosfera 2009<\/span><ul class=\"tree-posts\" style=\"display:none;\"><li class=\"tree-post\">\u27a4 <a href=\"https:\/\/www.etnosfera.ro\/ro\/776-2\/\">Revista Etnosfera nr.4\/2009<\/a><\/li><li class=\"tree-post\">\u27a4 <a href=\"https:\/\/www.etnosfera.ro\/ro\/revista-etnosfera-nr-3-2009\/\">Revista Etnosfera nr.3\/2009<\/a><\/li><li class=\"tree-post\">\u27a4 <a href=\"https:\/\/www.etnosfera.ro\/ro\/revista-etnosfera-nr-2-2009\/\">Revista Etnosfera nr.2\/2009<\/a><\/li><li class=\"tree-post\">\u27a4 <a href=\"https:\/\/www.etnosfera.ro\/ro\/etnosfera-journal-no-1-2009\/\">Etnosfera Journal no. 1\/2009<\/a><\/li><li class=\"tree-post\">\u27a4 <a href=\"https:\/\/www.etnosfera.ro\/ro\/etnosfera1-2009\/\">Revista Etnosfera nr.1\/2009<\/a><\/li><\/ul><\/li><\/ul>    <script>\n    document.addEventListener(\"DOMContentLoaded\", function(){\n        document.querySelectorAll(\".tree-toggle\").forEach(function(toggle){\n            toggle.addEventListener(\"click\", function(){\n                let nextUl = this.parentElement.querySelector(\"ul\");\n                if(nextUl){\n                    if(nextUl.style.display === \"none\"){\n                        nextUl.style.display = \"block\";\n                        this.textContent = \"-\";\n                    } else {\n                        nextUl.style.display = \"none\";\n                        this.textContent = \"+\";\n                    }\n                }\n            });\n        });\n    });\n    <\/script>\n\n    <style>\n    .tree-categories, .tree-subcats, .tree-posts { \n        list-style: none; \n        margin-left: 20px; \n        padding-left: 0; \n    }\n    .tree-cat, .tree-subcat { \n        margin: 5px 0; \n        cursor: pointer; \n    }\n    .tree-toggle { \n        font-size:20px;\n        font-weight: bold; \n        margin-right: 5px; \n        cursor: pointer; \n        color: #444;\n    }\n    \/* \u2705 culoare personalizat\u0103 pentru categorii \u0219i subcategorii *\/\n    .tree-title { \n        cursor: pointer; \n        font-weight: 600; \n        color: #e75438;\n    }\n    .tree-posts li { \n        margin: 3px 0; \n        font-size: 14px; \n    }\n    .tree-post a { \n        text-decoration: none; \n        color: #333; \n    }\n    .tree-post a:hover { \n        text-decoration: underline; \n    }\n    .tree-post { \n        color: #666; \/* s\u0103geata mic\u0103 *\/\n    }\n    <\/style>\n    <\/div><\/div><\/div><\/div>","protected":false},"excerpt":{"rendered":"","protected":false},"author":5,"featured_media":0,"parent":0,"menu_order":0,"comment_status":"closed","ping_status":"closed","template":"100-width.php","meta":{"_acf_changed":false,"footnotes":""},"class_list":["post-2830","page","type-page","status-publish","hentry"],"acf":[],"yoast_head":"<!-- This site is optimized with the Yoast SEO plugin v25.0 - https:\/\/yoast.com\/wordpress\/plugins\/seo\/ -->\n<title>Archive - Etnosfera Journal<\/title>\n<meta name=\"robots\" content=\"noindex, follow, max-snippet:-1, max-image-preview:large, max-video-preview:-1\" \/>\n<meta property=\"og:locale\" content=\"ro_RO\" \/>\n<meta property=\"og:type\" content=\"article\" \/>\n<meta property=\"og:title\" content=\"Archive - Etnosfera Journal\" \/>\n<meta property=\"og:url\" content=\"https:\/\/www.etnosfera.ro\/ro\/archive\/\" \/>\n<meta property=\"og:site_name\" content=\"Etnosfera Journal\" \/>\n<meta property=\"article:modified_time\" content=\"2025-09-11T09:54:47+00:00\" \/>\n<meta name=\"twitter:card\" content=\"summary_large_image\" \/>\n<meta name=\"twitter:label1\" content=\"Timp estimat pentru citire\" \/>\n\t<meta name=\"twitter:data1\" content=\"15 minute\" \/>\n<script type=\"application\/ld+json\" class=\"yoast-schema-graph\">{\"@context\":\"https:\/\/schema.org\",\"@graph\":[{\"@type\":\"WebPage\",\"@id\":\"https:\/\/www.etnosfera.ro\/archive\/\",\"url\":\"https:\/\/www.etnosfera.ro\/archive\/\",\"name\":\"Archive - Etnosfera Journal\",\"isPartOf\":{\"@id\":\"https:\/\/www.etnosfera.ro\/#website\"},\"datePublished\":\"2025-07-10T04:48:08+00:00\",\"dateModified\":\"2025-09-11T09:54:47+00:00\",\"inLanguage\":\"ro-RO\",\"potentialAction\":[{\"@type\":\"ReadAction\",\"target\":[\"https:\/\/www.etnosfera.ro\/archive\/\"]}]},{\"@type\":\"WebSite\",\"@id\":\"https:\/\/www.etnosfera.ro\/#website\",\"url\":\"https:\/\/www.etnosfera.ro\/\",\"name\":\"Etnosfera Journal\",\"description\":\"\",\"potentialAction\":[{\"@type\":\"SearchAction\",\"target\":{\"@type\":\"EntryPoint\",\"urlTemplate\":\"https:\/\/www.etnosfera.ro\/?s={search_term_string}\"},\"query-input\":{\"@type\":\"PropertyValueSpecification\",\"valueRequired\":true,\"valueName\":\"search_term_string\"}}],\"inLanguage\":\"ro-RO\"}]}<\/script>\n<!-- \/ Yoast SEO plugin. -->","yoast_head_json":{"title":"Archive - Etnosfera Journal","robots":{"index":"noindex","follow":"follow","max-snippet":"max-snippet:-1","max-image-preview":"max-image-preview:large","max-video-preview":"max-video-preview:-1"},"og_locale":"ro_RO","og_type":"article","og_title":"Archive - Etnosfera Journal","og_url":"https:\/\/www.etnosfera.ro\/ro\/archive\/","og_site_name":"Etnosfera Journal","article_modified_time":"2025-09-11T09:54:47+00:00","twitter_card":"summary_large_image","twitter_misc":{"Timp estimat pentru citire":"15 minute"},"schema":{"@context":"https:\/\/schema.org","@graph":[{"@type":"WebPage","@id":"https:\/\/www.etnosfera.ro\/archive\/","url":"https:\/\/www.etnosfera.ro\/archive\/","name":"Archive - Etnosfera Journal","isPartOf":{"@id":"https:\/\/www.etnosfera.ro\/#website"},"datePublished":"2025-07-10T04:48:08+00:00","dateModified":"2025-09-11T09:54:47+00:00","inLanguage":"ro-RO","potentialAction":[{"@type":"ReadAction","target":["https:\/\/www.etnosfera.ro\/archive\/"]}]},{"@type":"WebSite","@id":"https:\/\/www.etnosfera.ro\/#website","url":"https:\/\/www.etnosfera.ro\/","name":"Etnosfera Journal","description":"","potentialAction":[{"@type":"SearchAction","target":{"@type":"EntryPoint","urlTemplate":"https:\/\/www.etnosfera.ro\/?s={search_term_string}"},"query-input":{"@type":"PropertyValueSpecification","valueRequired":true,"valueName":"search_term_string"}}],"inLanguage":"ro-RO"}]}},"_links":{"self":[{"href":"https:\/\/www.etnosfera.ro\/ro\/wp-json\/wp\/v2\/pages\/2830","targetHints":{"allow":["GET"]}}],"collection":[{"href":"https:\/\/www.etnosfera.ro\/ro\/wp-json\/wp\/v2\/pages"}],"about":[{"href":"https:\/\/www.etnosfera.ro\/ro\/wp-json\/wp\/v2\/types\/page"}],"author":[{"embeddable":true,"href":"https:\/\/www.etnosfera.ro\/ro\/wp-json\/wp\/v2\/users\/5"}],"replies":[{"embeddable":true,"href":"https:\/\/www.etnosfera.ro\/ro\/wp-json\/wp\/v2\/comments?post=2830"}],"version-history":[{"count":16,"href":"https:\/\/www.etnosfera.ro\/ro\/wp-json\/wp\/v2\/pages\/2830\/revisions"}],"predecessor-version":[{"id":3365,"href":"https:\/\/www.etnosfera.ro\/ro\/wp-json\/wp\/v2\/pages\/2830\/revisions\/3365"}],"wp:attachment":[{"href":"https:\/\/www.etnosfera.ro\/ro\/wp-json\/wp\/v2\/media?parent=2830"}],"curies":[{"name":"wp","href":"https:\/\/api.w.org\/{rel}","templated":true}]}}